{"id":12091767,"date":"2026-09-05T07:04:40","date_gmt":"2026-09-05T05:04:40","guid":{"rendered":"https:\/\/immomediterraneo.immo\/property\/nieuwbouwproject-met-appartementen-bungalows-en-villas-in-fuente-alamo-murcia\/"},"modified":"2026-09-05T09:15:53","modified_gmt":"2026-09-05T07:15:53","slug":"complexe-residentiel-neuf-comprenant-des-appartements-des-bungalows-et-des-villas-a-fuente-alamo-dans-la-region-de-murcie","status":"publish","type":"property","link":"https:\/\/immomediterraneo.immo\/fr\/property\/complexe-residentiel-neuf-comprenant-des-appartements-des-bungalows-et-des-villas-a-fuente-alamo-dans-la-region-de-murcie\/","title":{"rendered":"Complexe r\u00e9sidentiel neuf comprenant des appartements, des bungalows et des villas \u00e0 fuente \u00c1lamo, dans la r\u00e9gion de murcie"},"content":{"rendered":"<p>Complexe r\u00e9sidentiel neuf comprenant des appartements, des bungalows et des villas \u00e0 Fuente \u00c1lamo, dans la r\u00e9gion de Murcie&#013;&#013;Dans ce complexe, 6 appartements sont situ\u00e9s au-dessus de la zone commerciale ; ces appartements se trouvent au premier \u00e9tage et disposent de 2 chambres, 2 salles de bains et d\u2019une terrasse.&#013;&#013;Le complexe dispose d\u2019une piscine commune entour\u00e9e de magnifiques jardins et d\u2019une aire de jeux pour enfants.&#013;&#013;Cet emplacement offre un cadre naturel exceptionnel, loin de l&#8217;agitation des grandes villes et de la fr\u00e9n\u00e9sie touristique du littoral. De plus, nous nous engageons \u00e0 travailler dans une optique de d\u00e9veloppement durable, en minimisant notre impact environnemental et en favorisant au maximum l&#8217;int\u00e9gration au sein de la communaut\u00e9 locale. Ici, vos r\u00eaves d&#8217;un mode de vie paisible et durable deviennent r\u00e9alit\u00e9. Imaginez-vous vous r\u00e9veiller chaque matin dans un cadre naturel \u00e9poustouflant, entour\u00e9 de paysages sereins et de la beaut\u00e9 unique de la campagne murcienne.&#013;&#013;Un projet immobilier qui privil\u00e9gie l&#8217;efficacit\u00e9 \u00e9nerg\u00e9tique et l&#8217;int\u00e9gration communautaire afin de cr\u00e9er des logements de grande qualit\u00e9 en harmonie avec l&#8217;environnement naturel.&#013;Pr\u00e9-installation pour la climatisation par conduits.&#013;Syst\u00e8me de vid\u00e9ophonie.&#013;Cuisine \u00e9quip\u00e9e avec appareils \u00e9lectrom\u00e9nagers inclus.&#013;Eau chaude fournie par un chauffe-eau \u00e9lectrique.&#013;Stores \u00e9lectriques.&#013;&#013;Fuente \u00c1lamo de Murcia est une ville et une commune de la r\u00e9gion de Murcie, dans le sud de l&#8217;Espagne. Elle est situ\u00e9e \u00e0 22 km au nord-ouest de Carthag\u00e8ne et \u00e0 35 km au sud-ouest de Murcie.&#013;&#013;La ville se trouve dans le bassin du Mar Menor, entour\u00e9e par les cha\u00eenes de montagnes de l\u2019Algarrobo, de Los G\u00f3mez, de Los Victorias et de Carrascoy. L\u2019eau provenant de ces montagnes s\u2019\u00e9coule le long de la Rambla de Fuente \u00c1lamo avant de se jeter dans le Mar Menor.&#013;&#013;Fuente \u00c1lamo se trouve \u00e0 30 minutes de l\u2019a\u00e9roport de Murcie-Corvera.&#013;&#013;&#013;365<\/p>\n","protected":false},"excerpt":{"rendered":"<p>New-build residential development comprising flats, bungalows and villas in Fuente \u00c1lamo, Murcia&amp;#1<\/p>\n","protected":false},"author":1,"featured_media":12092146,"parent":0,"menu_order":0,"template":"","property_type":[520],"property_status":[],"property_feature":[],"property_label":[],"property_country":[455],"property_state":[300],"property_city":[1072],"property_area":[],"class_list":["post-12091767","property","type-property","status-publish","has-post-thumbnail","hentry","property_type-penthouse-fr","property_country-spanje-fr","property_state-region-de-murcia-fr","property_city-la-pinilla-fr"],"property_meta":{"_yoast_indexnow_last_ping":["1788592553"],"_houzez_expiration_date_status":["saved"],"fave_currency_info":["&nbsp;"],"slide_template":["default"],"fave_property_map":["1"],"is_from_crm":["1"],"fave_property_size":["68"],"fave_property_bedrooms":["2"],"fave_property_bathrooms":["2"],"fave_property_year":["2026"],"fave_property_id":["P4486"],"fave_property_price":["182750"],"fave_property_location":["37.68678662761978,-1.2831332380392324,14"],"houzez_geolocation_lat":["37.68678662761978"],"houzez_geolocation_long":["-1.2831332380392324"],"_wpml_location_migration_done":["1"],"_wpml_word_count":["{\"total\":300,\"to_translate\":{\"en\":300,\"fr\":300,\"es\":300}}"],"houzez_total_property_views":["5"],"houzez_views_by_date":["a:1:{s:10:\"09-05-2026\";i:5;}"],"houzez_recently_viewed":["2026-09-05 14:34:47"],"_icl_lang_duplicate_of":["12081562"],"_wpml_media_duplicate":["1"],"_thumbnail_id":["12092146"],"_last_translation_edit_mode":["translation-editor"],"fave_property_images":["12092146","12092155","12092164","12092174","12092184","12092193","12092202","12092211","12092221","12092230","12092239","12092247","12092257","12092266"]},"yoast_head":"<!-- This site is optimized with the Yoast SEO Premium plugin v21.6 (Yoast SEO v28.4) - https:\/\/yoast.com\/product\/yoast-seo-premium-wordpress\/ -->\n<title>Complexe r\u00e9sidentiel neuf comprenant des appartements, des bungalows et des villas \u00e0 fuente \u00c1lamo, dans la r\u00e9gion de murcie - Immo Mediterraneo<\/title>\n<meta name=\"robots\" content=\"index, follow, max-snippet:-1, max-image-preview:large, max-video-preview:-1\" \/>\n<link rel=\"canonical\" href=\"https:\/\/immomediterraneo.immo\/fr\/property\/complexe-residentiel-neuf-comprenant-des-appartements-des-bungalows-et-des-villas-a-fuente-alamo-dans-la-region-de-murcie\/\" \/>\n<meta property=\"og:locale\" content=\"fr_FR\" \/>\n<meta property=\"og:type\" content=\"article\" \/>\n<meta property=\"og:title\" content=\"Complexe r\u00e9sidentiel neuf comprenant des appartements, des bungalows et des villas \u00e0 fuente \u00c1lamo, dans la r\u00e9gion de murcie\" \/>\n<meta property=\"og:description\" content=\"New-build residential development comprising flats, bungalows and villas in Fuente \u00c1lamo, Murcia&amp;#1\" \/>\n<meta property=\"og:url\" content=\"https:\/\/immomediterraneo.immo\/fr\/property\/complexe-residentiel-neuf-comprenant-des-appartements-des-bungalows-et-des-villas-a-fuente-alamo-dans-la-region-de-murcie\/\" \/>\n<meta property=\"og:site_name\" content=\"Immo Mediterraneo\" \/>\n<meta property=\"article:publisher\" content=\"http:\/\/@immomediterraneo\" \/>\n<meta property=\"article:modified_time\" content=\"2026-09-05T07:15:53+00:00\" \/>\n<meta name=\"twitter:card\" content=\"summary_large_image\" \/>\n<meta name=\"twitter:label1\" content=\"Dur\u00e9e de lecture estim\u00e9e\" \/>\n\t<meta name=\"twitter:data1\" content=\"2 minutes\" \/>\n<script type=\"application\/ld+json\" class=\"yoast-schema-graph\">{\"@context\":\"https:\\\/\\\/schema.org\",\"@graph\":[{\"@type\":\"WebPage\",\"@id\":\"https:\\\/\\\/immomediterraneo.immo\\\/fr\\\/property\\\/complexe-residentiel-neuf-comprenant-des-appartements-des-bungalows-et-des-villas-a-fuente-alamo-dans-la-region-de-murcie\\\/\",\"url\":\"https:\\\/\\\/immomediterraneo.immo\\\/fr\\\/property\\\/complexe-residentiel-neuf-comprenant-des-appartements-des-bungalows-et-des-villas-a-fuente-alamo-dans-la-region-de-murcie\\\/\",\"name\":\"Complexe r\u00e9sidentiel neuf comprenant des appartements, des bungalows et des villas \u00e0 fuente \u00c1lamo, dans la r\u00e9gion de murcie - Immo Mediterraneo\",\"isPartOf\":{\"@id\":\"https:\\\/\\\/immomediterraneo.immo\\\/fr\\\/nl\\\/#website\"},\"primaryImageOfPage\":{\"@id\":\"https:\\\/\\\/immomediterraneo.immo\\\/fr\\\/property\\\/complexe-residentiel-neuf-comprenant-des-appartements-des-bungalows-et-des-villas-a-fuente-alamo-dans-la-region-de-murcie\\\/#primaryimage\"},\"image\":{\"@id\":\"https:\\\/\\\/immomediterraneo.immo\\\/fr\\\/property\\\/complexe-residentiel-neuf-comprenant-des-appartements-des-bungalows-et-des-villas-a-fuente-alamo-dans-la-region-de-murcie\\\/#primaryimage\"},\"thumbnailUrl\":\"https:\\\/\\\/immomediterraneo.immo\\\/wp-content\\\/uploads\\\/\\\/2026\\\/09\\\/property_image_1ftyblaeak_20260905060731.jpg\",\"datePublished\":\"2026-09-05T05:04:40+00:00\",\"dateModified\":\"2026-09-05T07:15:53+00:00\",\"breadcrumb\":{\"@id\":\"https:\\\/\\\/immomediterraneo.immo\\\/fr\\\/property\\\/complexe-residentiel-neuf-comprenant-des-appartements-des-bungalows-et-des-villas-a-fuente-alamo-dans-la-region-de-murcie\\\/#breadcrumb\"},\"inLanguage\":\"fr-FR\",\"potentialAction\":[{\"@type\":\"ReadAction\",\"target\":[\"https:\\\/\\\/immomediterraneo.immo\\\/fr\\\/property\\\/complexe-residentiel-neuf-comprenant-des-appartements-des-bungalows-et-des-villas-a-fuente-alamo-dans-la-region-de-murcie\\\/\"]}]},{\"@type\":\"ImageObject\",\"inLanguage\":\"fr-FR\",\"@id\":\"https:\\\/\\\/immomediterraneo.immo\\\/fr\\\/property\\\/complexe-residentiel-neuf-comprenant-des-appartements-des-bungalows-et-des-villas-a-fuente-alamo-dans-la-region-de-murcie\\\/#primaryimage\",\"url\":\"https:\\\/\\\/immomediterraneo.immo\\\/wp-content\\\/uploads\\\/\\\/2026\\\/09\\\/property_image_1ftyblaeak_20260905060731.jpg\",\"contentUrl\":\"https:\\\/\\\/immomediterraneo.immo\\\/wp-content\\\/uploads\\\/\\\/2026\\\/09\\\/property_image_1ftyblaeak_20260905060731.jpg\",\"width\":110,\"height\":200},{\"@type\":\"BreadcrumbList\",\"@id\":\"https:\\\/\\\/immomediterraneo.immo\\\/fr\\\/property\\\/complexe-residentiel-neuf-comprenant-des-appartements-des-bungalows-et-des-villas-a-fuente-alamo-dans-la-region-de-murcie\\\/#breadcrumb\",\"itemListElement\":[{\"@type\":\"ListItem\",\"position\":1,\"name\":\"Home\",\"item\":\"https:\\\/\\\/immomediterraneo.immo\\\/fr\\\/?page_id=225715\"},{\"@type\":\"ListItem\",\"position\":2,\"name\":\"Propri\u00e9t\u00e9s\",\"item\":\"https:\\\/\\\/immomediterraneo.immo\\\/fr\\\/property\\\/\"},{\"@type\":\"ListItem\",\"position\":3,\"name\":\"Complexe r\u00e9sidentiel neuf comprenant des appartements, des bungalows et des villas \u00e0 fuente \u00c1lamo, dans la r\u00e9gion de murcie\"}]},{\"@type\":\"WebSite\",\"@id\":\"https:\\\/\\\/immomediterraneo.immo\\\/fr\\\/nl\\\/#website\",\"url\":\"https:\\\/\\\/immomediterraneo.immo\\\/fr\\\/nl\\\/\",\"name\":\"Immo Mediterraneo\",\"description\":\"Uw partner aan de Costa Blanca en Costa Calida\",\"potentialAction\":[{\"@type\":\"SearchAction\",\"target\":{\"@type\":\"EntryPoint\",\"urlTemplate\":\"https:\\\/\\\/immomediterraneo.immo\\\/fr\\\/nl\\\/?s={search_term_string}\"},\"query-input\":{\"@type\":\"PropertyValueSpecification\",\"valueRequired\":true,\"valueName\":\"search_term_string\"}}],\"inLanguage\":\"fr-FR\"}]}<\/script>\n<!-- \/ Yoast SEO Premium plugin. -->","yoast_head_json":{"title":"Complexe r\u00e9sidentiel neuf comprenant des appartements, des bungalows et des villas \u00e0 fuente \u00c1lamo, dans la r\u00e9gion de murcie - Immo Mediterraneo","robots":{"index":"index","follow":"follow","max-snippet":"max-snippet:-1","max-image-preview":"max-image-preview:large","max-video-preview":"max-video-preview:-1"},"canonical":"https:\/\/immomediterraneo.immo\/fr\/property\/complexe-residentiel-neuf-comprenant-des-appartements-des-bungalows-et-des-villas-a-fuente-alamo-dans-la-region-de-murcie\/","og_locale":"fr_FR","og_type":"article","og_title":"Complexe r\u00e9sidentiel neuf comprenant des appartements, des bungalows et des villas \u00e0 fuente \u00c1lamo, dans la r\u00e9gion de murcie","og_description":"New-build residential development comprising flats, bungalows and villas in Fuente \u00c1lamo, Murcia&amp;#1","og_url":"https:\/\/immomediterraneo.immo\/fr\/property\/complexe-residentiel-neuf-comprenant-des-appartements-des-bungalows-et-des-villas-a-fuente-alamo-dans-la-region-de-murcie\/","og_site_name":"Immo Mediterraneo","article_publisher":"http:\/\/@immomediterraneo","article_modified_time":"2026-09-05T07:15:53+00:00","twitter_card":"summary_large_image","twitter_misc":{"Dur\u00e9e de lecture estim\u00e9e":"2 minutes"},"schema":{"@context":"https:\/\/schema.org","@graph":[{"@type":"WebPage","@id":"https:\/\/immomediterraneo.immo\/fr\/property\/complexe-residentiel-neuf-comprenant-des-appartements-des-bungalows-et-des-villas-a-fuente-alamo-dans-la-region-de-murcie\/","url":"https:\/\/immomediterraneo.immo\/fr\/property\/complexe-residentiel-neuf-comprenant-des-appartements-des-bungalows-et-des-villas-a-fuente-alamo-dans-la-region-de-murcie\/","name":"Complexe r\u00e9sidentiel neuf comprenant des appartements, des bungalows et des villas \u00e0 fuente \u00c1lamo, dans la r\u00e9gion de murcie - Immo Mediterraneo","isPartOf":{"@id":"https:\/\/immomediterraneo.immo\/fr\/nl\/#website"},"primaryImageOfPage":{"@id":"https:\/\/immomediterraneo.immo\/fr\/property\/complexe-residentiel-neuf-comprenant-des-appartements-des-bungalows-et-des-villas-a-fuente-alamo-dans-la-region-de-murcie\/#primaryimage"},"image":{"@id":"https:\/\/immomediterraneo.immo\/fr\/property\/complexe-residentiel-neuf-comprenant-des-appartements-des-bungalows-et-des-villas-a-fuente-alamo-dans-la-region-de-murcie\/#primaryimage"},"thumbnailUrl":"https:\/\/immomediterraneo.immo\/wp-content\/uploads\/\/2026\/09\/property_image_1ftyblaeak_20260905060731.jpg","datePublished":"2026-09-05T05:04:40+00:00","dateModified":"2026-09-05T07:15:53+00:00","breadcrumb":{"@id":"https:\/\/immomediterraneo.immo\/fr\/property\/complexe-residentiel-neuf-comprenant-des-appartements-des-bungalows-et-des-villas-a-fuente-alamo-dans-la-region-de-murcie\/#breadcrumb"},"inLanguage":"fr-FR","potentialAction":[{"@type":"ReadAction","target":["https:\/\/immomediterraneo.immo\/fr\/property\/complexe-residentiel-neuf-comprenant-des-appartements-des-bungalows-et-des-villas-a-fuente-alamo-dans-la-region-de-murcie\/"]}]},{"@type":"ImageObject","inLanguage":"fr-FR","@id":"https:\/\/immomediterraneo.immo\/fr\/property\/complexe-residentiel-neuf-comprenant-des-appartements-des-bungalows-et-des-villas-a-fuente-alamo-dans-la-region-de-murcie\/#primaryimage","url":"https:\/\/immomediterraneo.immo\/wp-content\/uploads\/\/2026\/09\/property_image_1ftyblaeak_20260905060731.jpg","contentUrl":"https:\/\/immomediterraneo.immo\/wp-content\/uploads\/\/2026\/09\/property_image_1ftyblaeak_20260905060731.jpg","width":110,"height":200},{"@type":"BreadcrumbList","@id":"https:\/\/immomediterraneo.immo\/fr\/property\/complexe-residentiel-neuf-comprenant-des-appartements-des-bungalows-et-des-villas-a-fuente-alamo-dans-la-region-de-murcie\/#breadcrumb","itemListElement":[{"@type":"ListItem","position":1,"name":"Home","item":"https:\/\/immomediterraneo.immo\/fr\/?page_id=225715"},{"@type":"ListItem","position":2,"name":"Propri\u00e9t\u00e9s","item":"https:\/\/immomediterraneo.immo\/fr\/property\/"},{"@type":"ListItem","position":3,"name":"Complexe r\u00e9sidentiel neuf comprenant des appartements, des bungalows et des villas \u00e0 fuente \u00c1lamo, dans la r\u00e9gion de murcie"}]},{"@type":"WebSite","@id":"https:\/\/immomediterraneo.immo\/fr\/nl\/#website","url":"https:\/\/immomediterraneo.immo\/fr\/nl\/","name":"Immo Mediterraneo","description":"Uw partner aan de Costa Blanca en Costa Calida","potentialAction":[{"@type":"SearchAction","target":{"@type":"EntryPoint","urlTemplate":"https:\/\/immomediterraneo.immo\/fr\/nl\/?s={search_term_string}"},"query-input":{"@type":"PropertyValueSpecification","valueRequired":true,"valueName":"search_term_string"}}],"inLanguage":"fr-FR"}]}},"_links":{"self":[{"href":"https:\/\/immomediterraneo.immo\/fr\/wp-json\/wp\/v2\/properties\/12091767","targetHints":{"allow":["GET"]}}],"collection":[{"href":"https:\/\/immomediterraneo.immo\/fr\/wp-json\/wp\/v2\/properties"}],"about":[{"href":"https:\/\/immomediterraneo.immo\/fr\/wp-json\/wp\/v2\/types\/property"}],"author":[{"embeddable":true,"href":"https:\/\/immomediterraneo.immo\/fr\/wp-json\/wp\/v2\/users\/1"}],"version-history":[{"count":1,"href":"https:\/\/immomediterraneo.immo\/fr\/wp-json\/wp\/v2\/properties\/12091767\/revisions"}],"predecessor-version":[{"id":12092312,"href":"https:\/\/immomediterraneo.immo\/fr\/wp-json\/wp\/v2\/properties\/12091767\/revisions\/12092312"}],"wp:featuredmedia":[{"embeddable":true,"href":"https:\/\/immomediterraneo.immo\/fr\/wp-json\/wp\/v2\/media\/12092146"}],"wp:attachment":[{"href":"https:\/\/immomediterraneo.immo\/fr\/wp-json\/wp\/v2\/media?parent=12091767"}],"wp:term":[{"taxonomy":"property_type","embeddable":true,"href":"https:\/\/immomediterraneo.immo\/fr\/wp-json\/wp\/v2\/property_type?post=12091767"},{"taxonomy":"property_status","embeddable":true,"href":"https:\/\/immomediterraneo.immo\/fr\/wp-json\/wp\/v2\/property_status?post=12091767"},{"taxonomy":"property_feature","embeddable":true,"href":"https:\/\/immomediterraneo.immo\/fr\/wp-json\/wp\/v2\/property_feature?post=12091767"},{"taxonomy":"property_label","embeddable":true,"href":"https:\/\/immomediterraneo.immo\/fr\/wp-json\/wp\/v2\/property_label?post=12091767"},{"taxonomy":"property_country","embeddable":true,"href":"https:\/\/immomediterraneo.immo\/fr\/wp-json\/wp\/v2\/property_country?post=12091767"},{"taxonomy":"property_state","embeddable":true,"href":"https:\/\/immomediterraneo.immo\/fr\/wp-json\/wp\/v2\/property_state?post=12091767"},{"taxonomy":"property_city","embeddable":true,"href":"https:\/\/immomediterraneo.immo\/fr\/wp-json\/wp\/v2\/property_city?post=12091767"},{"taxonomy":"property_area","embeddable":true,"href":"https:\/\/immomediterraneo.immo\/fr\/wp-json\/wp\/v2\/property_area?post=12091767"}],"curies":[{"name":"wp","href":"https:\/\/api.w.org\/{rel}","templated":true}]}}