{"id":12093024,"date":"2026-09-05T07:04:34","date_gmt":"2026-09-05T05:04:34","guid":{"rendered":"https:\/\/immomediterraneo.immo\/property\/nieuwbouwappartementen-in-relleu-alicante-met-uitzicht-op-de-bergen-2\/"},"modified":"2026-09-05T09:17:08","modified_gmt":"2026-09-05T07:17:08","slug":"appartements-neufs-a-relleu-alicante-avec-vue-sur-la-montagne-2","status":"publish","type":"property","link":"https:\/\/immomediterraneo.immo\/fr\/property\/appartements-neufs-a-relleu-alicante-avec-vue-sur-la-montagne-2\/","title":{"rendered":"Appartements neufs \u00e0 relleu, alicante, avec vue sur la montagne"},"content":{"rendered":"<p>Appartements neufs \u00e0 Relleu, Alicante, avec vue sur la montagne&#013;&#013;Logements modernes pr\u00e8s de Relleu&#013;D\u00e9couvrez ce nouveau programme immobilier compos\u00e9 de seulement 16 appartements modernes \u00e0 El Muscaret, un quartier r\u00e9sidentiel paisible situ\u00e9 \u00e0 la p\u00e9riph\u00e9rie de Relleu, dans la province d\u2019Alicante. Entour\u00e9 de montagnes et de campagne, ce programme offre un cadre de vie serein tout en restant \u00e0 proximit\u00e9 de la Costa Blanca.&#013;&#013;Les appartements sont situ\u00e9s \u00e0 seulement 600 m\u00e8tres du centre de Relleu, o\u00f9 les r\u00e9sidents trouveront des commerces, des restaurants et tous les services indispensables. La c\u00f4te m\u00e9diterran\u00e9enne se trouve \u00e0 environ 14 km, offrant un acc\u00e8s facile aux plages et aux villes baln\u00e9aires de la Costa Blanca Nord.&#013;&#013;Appartements pr\u00eats \u00e0 emm\u00e9nager&#013;Le complexe se compose de 16 appartements enti\u00e8rement r\u00e9nov\u00e9s \u00e0 partir d\u2019anciens locaux commerciaux inoccup\u00e9s et r\u00e9cemment achev\u00e9s, comprenant 1, 2 ou 3 chambres et 1 salle de bains. Les logements sont r\u00e9partis sur deux \u00e9tages et ne disposent pas d\u2019ascenseur. En raison de la pente naturelle du terrain, l\u2019acc\u00e8s au niveau sup\u00e9rieur se fait par un petit escalier ou une rampe.&#013;&#013;Les appartements sont livr\u00e9s enti\u00e8rement meubl\u00e9s et pr\u00eats \u00e0 emm\u00e9nager. Chaque logement comprend une cuisine \u00e9quip\u00e9e avec appareils \u00e9lectrom\u00e9nagers, la climatisation et une t\u00e9l\u00e9vision. Une place de parking priv\u00e9e en surface est \u00e9galement incluse avec chaque logement.&#013;&#013;Espaces ext\u00e9rieurs&#013;Les r\u00e9sidents pourront profiter d\u2019un petit espace ext\u00e9rieur commun con\u00e7u pour la d\u00e9tente et la vie de famille. Les installations comprennent un petit jardin paysager et des \u00e9quipements de jeux, cr\u00e9ant ainsi un espace agr\u00e9able o\u00f9 les r\u00e9sidents et les enfants pourront profiter du climat m\u00e9diterran\u00e9en.&#013;&#013;Un emplacement paisible pr\u00e8s de la Costa Blanca&#013;Relleu est un charmant village de montagne r\u00e9put\u00e9 pour son cadre naturel, son atmosph\u00e8re paisible et sa communaut\u00e9 internationale. La r\u00e9gion est particuli\u00e8rement attrayante pour les amateurs de plein air, avec d\u2019excellentes possibilit\u00e9s de randonn\u00e9e, de v\u00e9lo, de canyoning et d\u2019autres activit\u00e9s de montagne.&#013;&#013;La c\u00e9l\u00e8bre promenade du lac de Relleu et son spectaculaire pont suspendu comptent parmi les principales attractions de la r\u00e9gion. Par ailleurs, l\u2019excellent r\u00e9seau routier permet d\u2019acc\u00e9der facilement \u00e0 la c\u00f4te et aux destinations touristiques pris\u00e9es que sont Villajoyosa et Benidorm.&#013;&#013;Distances approximatives vers les principaux points d\u2019int\u00e9r\u00eat :&#013;Centre de Relleu : 0,6 km&#013;C\u00f4te de la Costa Blanca : 14 km&#013;Autoroute de la M\u00e9diterran\u00e9e : 15 km&#013;Plage de Villajoyosa : 18 km&#013;Plages de Benidorm : 25 km&#013;A\u00e9roport d&#8217;Alicante : environ 50 km&#013;&#013;Un investissement attractif sur la Costa Blanca&#013;Ce programme immobilier offre une excellente opportunit\u00e9 \u00e0 ceux qui recherchent un logement neuf abordable, une r\u00e9sidence secondaire ou un investissement dans un cadre montagneux paisible \u00e0 proximit\u00e9 de la c\u00f4te m\u00e9diterran\u00e9enne. Dot\u00e9s d\u2019int\u00e9rieurs modernes, avec mobilier, \u00e9lectrom\u00e9nager, climatisation et place de parking inclus, les appartements sont pr\u00eats \u00e0 \u00eatre habit\u00e9s d\u00e8s le premier jour.&#013;&#013;Contactez-nous d\u00e8s aujourd\u2019hui pour d\u00e9couvrir ces appartements neufs \u00e0 Relleu et organiser une visite.&#013;&#013;&#013;365<\/p>\n","protected":false},"excerpt":{"rendered":"<p>New Build Apartments in Relleu, Alicante with Mountain Views&#013;&#013;Modern Homes Near Relleu&#013;D<\/p>\n","protected":false},"author":1,"featured_media":12093476,"parent":0,"menu_order":0,"template":"","property_type":[671],"property_status":[],"property_feature":[],"property_label":[],"property_country":[455],"property_state":[285],"property_city":[1827],"property_area":[],"class_list":["post-12093024","property","type-property","status-publish","has-post-thumbnail","hentry","property_type-apartamento-fr","property_country-spanje-fr","property_state-comunitat-valenciana-fr","property_city-urbanizacion-muscaret-fr"],"property_meta":{"_yoast_indexnow_last_ping":["1788592629"],"_houzez_expiration_date_status":["saved"],"fave_currency_info":["&nbsp;"],"slide_template":["default"],"fave_property_map":["1"],"is_from_crm":["1"],"fave_property_size":["47"],"fave_property_bedrooms":["2"],"fave_property_bathrooms":["1"],"fave_property_year":["2026"],"fave_property_id":["P4488"],"fave_property_price":["110000"],"fave_property_location":["38.591076668783266,-0.30231273377166185,14"],"houzez_geolocation_lat":["38.591076668783266"],"houzez_geolocation_long":["-0.30231273377166185"],"_wpml_location_migration_done":["1"],"_wpml_word_count":["{\"total\":462,\"to_translate\":{\"en\":462,\"fr\":462,\"es\":462}}"],"houzez_total_property_views":["6"],"houzez_views_by_date":["a:1:{s:10:\"09-05-2026\";i:6;}"],"houzez_recently_viewed":["2026-09-05 14:34:15"],"_icl_lang_duplicate_of":["12081452"],"_wpml_media_duplicate":["1"],"_thumbnail_id":["12093476"],"_last_translation_edit_mode":["translation-editor"],"fave_property_images":["12093476","12093487","12093499","12093511","12093523","12093535","12093547","12093559","12093571","12093583","12093595","12093606"]},"yoast_head":"<!-- This site is optimized with the Yoast SEO Premium plugin v21.6 (Yoast SEO v28.4) - https:\/\/yoast.com\/product\/yoast-seo-premium-wordpress\/ -->\n<title>Appartements neufs \u00e0 relleu, alicante, avec vue sur la montagne - Immo Mediterraneo<\/title>\n<meta name=\"robots\" content=\"index, follow, max-snippet:-1, max-image-preview:large, max-video-preview:-1\" \/>\n<link rel=\"canonical\" href=\"https:\/\/immomediterraneo.immo\/fr\/property\/appartements-neufs-a-relleu-alicante-avec-vue-sur-la-montagne-2\/\" \/>\n<meta property=\"og:locale\" content=\"fr_FR\" \/>\n<meta property=\"og:type\" content=\"article\" \/>\n<meta property=\"og:title\" content=\"Appartements neufs \u00e0 relleu, alicante, avec vue sur la montagne\" \/>\n<meta property=\"og:description\" content=\"New Build Apartments in Relleu, Alicante with Mountain Views&#013;&#013;Modern Homes Near Relleu&#013;D\" \/>\n<meta property=\"og:url\" content=\"https:\/\/immomediterraneo.immo\/fr\/property\/appartements-neufs-a-relleu-alicante-avec-vue-sur-la-montagne-2\/\" \/>\n<meta property=\"og:site_name\" content=\"Immo Mediterraneo\" \/>\n<meta property=\"article:publisher\" content=\"http:\/\/@immomediterraneo\" \/>\n<meta property=\"article:modified_time\" content=\"2026-09-05T07:17:08+00:00\" \/>\n<meta name=\"twitter:card\" content=\"summary_large_image\" \/>\n<meta name=\"twitter:label1\" content=\"Dur\u00e9e de lecture estim\u00e9e\" \/>\n\t<meta name=\"twitter:data1\" content=\"3 minutes\" \/>\n<script type=\"application\/ld+json\" class=\"yoast-schema-graph\">{\"@context\":\"https:\\\/\\\/schema.org\",\"@graph\":[{\"@type\":\"WebPage\",\"@id\":\"https:\\\/\\\/immomediterraneo.immo\\\/fr\\\/property\\\/appartements-neufs-a-relleu-alicante-avec-vue-sur-la-montagne-2\\\/\",\"url\":\"https:\\\/\\\/immomediterraneo.immo\\\/fr\\\/property\\\/appartements-neufs-a-relleu-alicante-avec-vue-sur-la-montagne-2\\\/\",\"name\":\"Appartements neufs \u00e0 relleu, alicante, avec vue sur la montagne - Immo Mediterraneo\",\"isPartOf\":{\"@id\":\"https:\\\/\\\/immomediterraneo.immo\\\/fr\\\/nl\\\/#website\"},\"primaryImageOfPage\":{\"@id\":\"https:\\\/\\\/immomediterraneo.immo\\\/fr\\\/property\\\/appartements-neufs-a-relleu-alicante-avec-vue-sur-la-montagne-2\\\/#primaryimage\"},\"image\":{\"@id\":\"https:\\\/\\\/immomediterraneo.immo\\\/fr\\\/property\\\/appartements-neufs-a-relleu-alicante-avec-vue-sur-la-montagne-2\\\/#primaryimage\"},\"thumbnailUrl\":\"https:\\\/\\\/immomediterraneo.immo\\\/wp-content\\\/uploads\\\/\\\/2026\\\/09\\\/property_image_1igcmkg1ni_20260905060609.jpg\",\"datePublished\":\"2026-09-05T05:04:34+00:00\",\"dateModified\":\"2026-09-05T07:17:08+00:00\",\"breadcrumb\":{\"@id\":\"https:\\\/\\\/immomediterraneo.immo\\\/fr\\\/property\\\/appartements-neufs-a-relleu-alicante-avec-vue-sur-la-montagne-2\\\/#breadcrumb\"},\"inLanguage\":\"fr-FR\",\"potentialAction\":[{\"@type\":\"ReadAction\",\"target\":[\"https:\\\/\\\/immomediterraneo.immo\\\/fr\\\/property\\\/appartements-neufs-a-relleu-alicante-avec-vue-sur-la-montagne-2\\\/\"]}]},{\"@type\":\"ImageObject\",\"inLanguage\":\"fr-FR\",\"@id\":\"https:\\\/\\\/immomediterraneo.immo\\\/fr\\\/property\\\/appartements-neufs-a-relleu-alicante-avec-vue-sur-la-montagne-2\\\/#primaryimage\",\"url\":\"https:\\\/\\\/immomediterraneo.immo\\\/wp-content\\\/uploads\\\/\\\/2026\\\/09\\\/property_image_1igcmkg1ni_20260905060609.jpg\",\"contentUrl\":\"https:\\\/\\\/immomediterraneo.immo\\\/wp-content\\\/uploads\\\/\\\/2026\\\/09\\\/property_image_1igcmkg1ni_20260905060609.jpg\",\"width\":110,\"height\":200},{\"@type\":\"BreadcrumbList\",\"@id\":\"https:\\\/\\\/immomediterraneo.immo\\\/fr\\\/property\\\/appartements-neufs-a-relleu-alicante-avec-vue-sur-la-montagne-2\\\/#breadcrumb\",\"itemListElement\":[{\"@type\":\"ListItem\",\"position\":1,\"name\":\"Home\",\"item\":\"https:\\\/\\\/immomediterraneo.immo\\\/fr\\\/?page_id=225715\"},{\"@type\":\"ListItem\",\"position\":2,\"name\":\"Propri\u00e9t\u00e9s\",\"item\":\"https:\\\/\\\/immomediterraneo.immo\\\/fr\\\/property\\\/\"},{\"@type\":\"ListItem\",\"position\":3,\"name\":\"Appartements neufs \u00e0 relleu, alicante, avec vue sur la montagne\"}]},{\"@type\":\"WebSite\",\"@id\":\"https:\\\/\\\/immomediterraneo.immo\\\/fr\\\/nl\\\/#website\",\"url\":\"https:\\\/\\\/immomediterraneo.immo\\\/fr\\\/nl\\\/\",\"name\":\"Immo Mediterraneo\",\"description\":\"Uw partner aan de Costa Blanca en Costa Calida\",\"potentialAction\":[{\"@type\":\"SearchAction\",\"target\":{\"@type\":\"EntryPoint\",\"urlTemplate\":\"https:\\\/\\\/immomediterraneo.immo\\\/fr\\\/nl\\\/?s={search_term_string}\"},\"query-input\":{\"@type\":\"PropertyValueSpecification\",\"valueRequired\":true,\"valueName\":\"search_term_string\"}}],\"inLanguage\":\"fr-FR\"}]}<\/script>\n<!-- \/ Yoast SEO Premium plugin. -->","yoast_head_json":{"title":"Appartements neufs \u00e0 relleu, alicante, avec vue sur la montagne - Immo Mediterraneo","robots":{"index":"index","follow":"follow","max-snippet":"max-snippet:-1","max-image-preview":"max-image-preview:large","max-video-preview":"max-video-preview:-1"},"canonical":"https:\/\/immomediterraneo.immo\/fr\/property\/appartements-neufs-a-relleu-alicante-avec-vue-sur-la-montagne-2\/","og_locale":"fr_FR","og_type":"article","og_title":"Appartements neufs \u00e0 relleu, alicante, avec vue sur la montagne","og_description":"New Build Apartments in Relleu, Alicante with Mountain Views&#013;&#013;Modern Homes Near Relleu&#013;D","og_url":"https:\/\/immomediterraneo.immo\/fr\/property\/appartements-neufs-a-relleu-alicante-avec-vue-sur-la-montagne-2\/","og_site_name":"Immo Mediterraneo","article_publisher":"http:\/\/@immomediterraneo","article_modified_time":"2026-09-05T07:17:08+00:00","twitter_card":"summary_large_image","twitter_misc":{"Dur\u00e9e de lecture estim\u00e9e":"3 minutes"},"schema":{"@context":"https:\/\/schema.org","@graph":[{"@type":"WebPage","@id":"https:\/\/immomediterraneo.immo\/fr\/property\/appartements-neufs-a-relleu-alicante-avec-vue-sur-la-montagne-2\/","url":"https:\/\/immomediterraneo.immo\/fr\/property\/appartements-neufs-a-relleu-alicante-avec-vue-sur-la-montagne-2\/","name":"Appartements neufs \u00e0 relleu, alicante, avec vue sur la montagne - Immo Mediterraneo","isPartOf":{"@id":"https:\/\/immomediterraneo.immo\/fr\/nl\/#website"},"primaryImageOfPage":{"@id":"https:\/\/immomediterraneo.immo\/fr\/property\/appartements-neufs-a-relleu-alicante-avec-vue-sur-la-montagne-2\/#primaryimage"},"image":{"@id":"https:\/\/immomediterraneo.immo\/fr\/property\/appartements-neufs-a-relleu-alicante-avec-vue-sur-la-montagne-2\/#primaryimage"},"thumbnailUrl":"https:\/\/immomediterraneo.immo\/wp-content\/uploads\/\/2026\/09\/property_image_1igcmkg1ni_20260905060609.jpg","datePublished":"2026-09-05T05:04:34+00:00","dateModified":"2026-09-05T07:17:08+00:00","breadcrumb":{"@id":"https:\/\/immomediterraneo.immo\/fr\/property\/appartements-neufs-a-relleu-alicante-avec-vue-sur-la-montagne-2\/#breadcrumb"},"inLanguage":"fr-FR","potentialAction":[{"@type":"ReadAction","target":["https:\/\/immomediterraneo.immo\/fr\/property\/appartements-neufs-a-relleu-alicante-avec-vue-sur-la-montagne-2\/"]}]},{"@type":"ImageObject","inLanguage":"fr-FR","@id":"https:\/\/immomediterraneo.immo\/fr\/property\/appartements-neufs-a-relleu-alicante-avec-vue-sur-la-montagne-2\/#primaryimage","url":"https:\/\/immomediterraneo.immo\/wp-content\/uploads\/\/2026\/09\/property_image_1igcmkg1ni_20260905060609.jpg","contentUrl":"https:\/\/immomediterraneo.immo\/wp-content\/uploads\/\/2026\/09\/property_image_1igcmkg1ni_20260905060609.jpg","width":110,"height":200},{"@type":"BreadcrumbList","@id":"https:\/\/immomediterraneo.immo\/fr\/property\/appartements-neufs-a-relleu-alicante-avec-vue-sur-la-montagne-2\/#breadcrumb","itemListElement":[{"@type":"ListItem","position":1,"name":"Home","item":"https:\/\/immomediterraneo.immo\/fr\/?page_id=225715"},{"@type":"ListItem","position":2,"name":"Propri\u00e9t\u00e9s","item":"https:\/\/immomediterraneo.immo\/fr\/property\/"},{"@type":"ListItem","position":3,"name":"Appartements neufs \u00e0 relleu, alicante, avec vue sur la montagne"}]},{"@type":"WebSite","@id":"https:\/\/immomediterraneo.immo\/fr\/nl\/#website","url":"https:\/\/immomediterraneo.immo\/fr\/nl\/","name":"Immo Mediterraneo","description":"Uw partner aan de Costa Blanca en Costa Calida","potentialAction":[{"@type":"SearchAction","target":{"@type":"EntryPoint","urlTemplate":"https:\/\/immomediterraneo.immo\/fr\/nl\/?s={search_term_string}"},"query-input":{"@type":"PropertyValueSpecification","valueRequired":true,"valueName":"search_term_string"}}],"inLanguage":"fr-FR"}]}},"_links":{"self":[{"href":"https:\/\/immomediterraneo.immo\/fr\/wp-json\/wp\/v2\/properties\/12093024","targetHints":{"allow":["GET"]}}],"collection":[{"href":"https:\/\/immomediterraneo.immo\/fr\/wp-json\/wp\/v2\/properties"}],"about":[{"href":"https:\/\/immomediterraneo.immo\/fr\/wp-json\/wp\/v2\/types\/property"}],"author":[{"embeddable":true,"href":"https:\/\/immomediterraneo.immo\/fr\/wp-json\/wp\/v2\/users\/1"}],"version-history":[{"count":1,"href":"https:\/\/immomediterraneo.immo\/fr\/wp-json\/wp\/v2\/properties\/12093024\/revisions"}],"predecessor-version":[{"id":12093684,"href":"https:\/\/immomediterraneo.immo\/fr\/wp-json\/wp\/v2\/properties\/12093024\/revisions\/12093684"}],"wp:featuredmedia":[{"embeddable":true,"href":"https:\/\/immomediterraneo.immo\/fr\/wp-json\/wp\/v2\/media\/12093476"}],"wp:attachment":[{"href":"https:\/\/immomediterraneo.immo\/fr\/wp-json\/wp\/v2\/media?parent=12093024"}],"wp:term":[{"taxonomy":"property_type","embeddable":true,"href":"https:\/\/immomediterraneo.immo\/fr\/wp-json\/wp\/v2\/property_type?post=12093024"},{"taxonomy":"property_status","embeddable":true,"href":"https:\/\/immomediterraneo.immo\/fr\/wp-json\/wp\/v2\/property_status?post=12093024"},{"taxonomy":"property_feature","embeddable":true,"href":"https:\/\/immomediterraneo.immo\/fr\/wp-json\/wp\/v2\/property_feature?post=12093024"},{"taxonomy":"property_label","embeddable":true,"href":"https:\/\/immomediterraneo.immo\/fr\/wp-json\/wp\/v2\/property_label?post=12093024"},{"taxonomy":"property_country","embeddable":true,"href":"https:\/\/immomediterraneo.immo\/fr\/wp-json\/wp\/v2\/property_country?post=12093024"},{"taxonomy":"property_state","embeddable":true,"href":"https:\/\/immomediterraneo.immo\/fr\/wp-json\/wp\/v2\/property_state?post=12093024"},{"taxonomy":"property_city","embeddable":true,"href":"https:\/\/immomediterraneo.immo\/fr\/wp-json\/wp\/v2\/property_city?post=12093024"},{"taxonomy":"property_area","embeddable":true,"href":"https:\/\/immomediterraneo.immo\/fr\/wp-json\/wp\/v2\/property_area?post=12093024"}],"curies":[{"name":"wp","href":"https:\/\/api.w.org\/{rel}","templated":true}]}}