{"id":3783363,"date":"2026-01-15T02:37:40","date_gmt":"2026-01-15T01:37:40","guid":{"rendered":"https:\/\/immomediterraneo.immo\/property\/bungalow-in-finestrat-5\/"},"modified":"2026-01-15T22:22:04","modified_gmt":"2026-01-15T21:22:04","slug":"complexe-residentiel-de-nouvelle-construction-a-finestrat-2","status":"publish","type":"property","link":"https:\/\/immomediterraneo.immo\/fr\/property\/complexe-residentiel-de-nouvelle-construction-a-finestrat-2\/","title":{"rendered":"Complexe r\u00c9sidentiel de nouvelle construction \u00c0 finestrat"},"content":{"rendered":"<p>COMPLEXE R\u00c9SIDENTIEL DE NOUVELLE CONSTRUCTION \u00c0 FINESTRAT&#013;&#013;Complexe r\u00e9sidentiel de nouvelle construction \u00e0 Finestrat situ\u00e9 dans l&#8217;un des meilleurs quartiers o\u00f9 vivre sur la Costa Blanca.&#013;&#013; Le nouveau complexe de construction se compose de 60 bungalows de 2 ou 3 chambres et 2 salles de bain avec acc\u00e8s aux espaces communs et \u00e0 la piscine. Certains logements poss\u00e8dent \u00e9galement une piscine priv\u00e9e.&#013;&#013; Tous les bungalows disposent d&#8217;une place de parking.&#013;&#013;Certaines unit\u00e9s ont une vue magnifique sur la mer et les toits de Benidorm.&#013; &#013; Finestrat est situ\u00e9 dans la r\u00e9gion de Marina Baixa sur la Costa Blanca, \u00e0 proximit\u00e9 de la ville voisine de Benidorm et \u00e0 environ 40 kilom\u00e8tres de la ville d&#8217;Alicante et de l&#8217;a\u00e9roport international.&#013;&#013; Benidorm se trouve \u00e0 seulement cinq minutes en voiture des propri\u00e9t\u00e9s et offre tous les services dont vous pourriez avoir besoin, notamment des magasins, des bars, des restaurants, des supermarch\u00e9s, des banques, des pharmacies et plusieurs \u00e9coles priv\u00e9es internationales.&#013;&#013; Pr\u00e8s des plages de Levante, Poniente et Cala de Finestrat, avec plus de 6 km de longueur qui sont parmi les meilleures d&#8217;Europe r\u00e9compens\u00e9es par l&#8217;Union europ\u00e9enne avec des drapeaux bleus.&#013;&#013; Tous les services de loisirs tels que les parcs \u00e0 th\u00e8me Aqua Natura, Terra M\u00edtica, Terra Natura, Aqualandia et Mundomar, les terrains de golf Sierra Cortina et Villaitana, la randonn\u00e9e et l&#8217;escalade \u00e0 Puig Campana, un cadre naturel incomparable ou le plaisir des sports nautiques.&#013;<\/p>\n","protected":false},"excerpt":{"rendered":"<p>RESIDENTIAL COMPLEX OF NEW CONSTRUCTION IN FINESTRAT&#013;&#013;New construction residential complex i<\/p>\n","protected":false},"author":1,"featured_media":4798574,"parent":0,"menu_order":0,"template":"","property_type":[109,477],"property_status":[],"property_feature":[423,445,453,424,448,454,452,430,500,475,431,432],"property_label":[],"property_country":[455],"property_state":[285],"property_city":[353],"property_area":[],"class_list":["post-3783363","property","type-property","status-publish","has-post-thumbnail","hentry","property_type-bungalow","property_type-bungalow-fr","property_feature-airconditioning","property_feature-airconditioning-fr","property_feature-scholen-fr","property_feature-eigen-parkeerplaats","property_feature-eigen-parkeerplaats-fr","property_feature-tuin-fr","property_feature-mountain-fr","property_feature-mountain","property_feature-prive-zwembad-fr","property_feature-prive-zwembad","property_feature-scholen","property_feature-tuin","property_country-spanje-fr","property_state-comunitat-valenciana-fr","property_city-finestrat-fr"],"property_meta":{"_icl_lang_duplicate_of":["3629818"],"_yoast_indexnow_last_ping":["1757586519"],"_houzez_expiration_date_status":["saved"],"fave_currency_info":["&nbsp;"],"slide_template":["default"],"fave_property_map":["1"],"is_from_crm":["1"],"fave_property_size":["80"],"fave_property_bedrooms":["3"],"fave_property_bathrooms":["2"],"fave_property_id":["N7126"],"fave_property_price":["399900"],"fave_property_location":["38.544161,-0.183070,14"],"houzez_geolocation_lat":["38.544161"],"houzez_geolocation_long":["-0.183070"],"houzez_total_property_views":["209"],"houzez_views_by_date":["a:61:{s:10:\"09-04-2025\";i:4;s:10:\"09-05-2025\";i:1;s:10:\"09-06-2025\";i:1;s:10:\"09-08-2025\";i:5;s:10:\"09-10-2025\";i:1;s:10:\"01-17-2026\";i:2;s:10:\"01-18-2026\";i:2;s:10:\"01-19-2026\";i:1;s:10:\"01-20-2026\";i:1;s:10:\"01-22-2026\";i:3;s:10:\"01-25-2026\";i:1;s:10:\"01-28-2026\";i:4;s:10:\"01-30-2026\";i:3;s:10:\"01-31-2026\";i:3;s:10:\"02-03-2026\";i:2;s:10:\"02-05-2026\";i:2;s:10:\"02-09-2026\";i:3;s:10:\"02-11-2026\";i:1;s:10:\"02-15-2026\";i:2;s:10:\"02-16-2026\";i:1;s:10:\"02-17-2026\";i:1;s:10:\"02-18-2026\";i:2;s:10:\"02-19-2026\";i:1;s:10:\"02-22-2026\";i:1;s:10:\"02-23-2026\";i:2;s:10:\"02-25-2026\";i:1;s:10:\"02-27-2026\";i:1;s:10:\"03-01-2026\";i:1;s:10:\"03-03-2026\";i:2;s:10:\"03-06-2026\";i:1;s:10:\"03-08-2026\";i:1;s:10:\"03-10-2026\";i:2;s:10:\"03-12-2026\";i:3;s:10:\"03-14-2026\";i:2;s:10:\"03-16-2026\";i:1;s:10:\"03-18-2026\";i:1;s:10:\"03-20-2026\";i:2;s:10:\"03-22-2026\";i:3;s:10:\"03-23-2026\";i:1;s:10:\"03-24-2026\";i:1;s:10:\"03-25-2026\";i:1;s:10:\"03-26-2026\";i:1;s:10:\"03-28-2026\";i:1;s:10:\"03-29-2026\";i:1;s:10:\"03-30-2026\";i:3;s:10:\"03-31-2026\";i:3;s:10:\"04-01-2026\";i:1;s:10:\"04-02-2026\";i:1;s:10:\"04-03-2026\";i:1;s:10:\"04-05-2026\";i:1;s:10:\"04-07-2026\";i:1;s:10:\"04-09-2026\";i:1;s:10:\"04-10-2026\";i:1;s:10:\"04-11-2026\";i:1;s:10:\"04-13-2026\";i:2;s:10:\"04-16-2026\";i:3;s:10:\"04-17-2026\";i:1;s:10:\"04-19-2026\";i:1;s:10:\"04-21-2026\";i:1;s:10:\"04-23-2026\";i:1;s:10:\"04-24-2026\";i:1;}"],"houzez_recently_viewed":["2026-04-24 12:44:55"],"_wpml_location_migration_done":["1"],"_wpml_word_count":["{\"total\":221,\"to_translate\":{\"en\":221,\"fr\":221,\"es\":221}}"],"_wpml_media_duplicate":["1"],"_thumbnail_id":["4798574"],"_last_translation_edit_mode":["translation-editor"],"fave_property_images":[null,null,null,null,null,null,null,null,null,null,null,null,"4798574","4798582","4798590","4798598","4798607","4798615","4798623","4798631","4798639","4798647","4798655","4798663"]},"yoast_head":"<!-- This site is optimized with the Yoast SEO Premium plugin v21.6 (Yoast SEO v27.4) - https:\/\/yoast.com\/product\/yoast-seo-premium-wordpress\/ -->\n<title>Complexe r\u00c9sidentiel de nouvelle construction \u00c0 finestrat - Immo Mediterraneo<\/title>\n<meta name=\"robots\" content=\"index, follow, max-snippet:-1, max-image-preview:large, max-video-preview:-1\" \/>\n<link rel=\"canonical\" href=\"https:\/\/immomediterraneo.immo\/fr\/property\/complexe-residentiel-de-nouvelle-construction-a-finestrat-2\/\" \/>\n<meta property=\"og:locale\" content=\"fr_FR\" \/>\n<meta property=\"og:type\" content=\"article\" \/>\n<meta property=\"og:title\" content=\"Complexe r\u00c9sidentiel de nouvelle construction \u00c0 finestrat\" \/>\n<meta property=\"og:description\" content=\"RESIDENTIAL COMPLEX OF NEW CONSTRUCTION IN FINESTRAT&#013;&#013;New construction residential complex i\" \/>\n<meta property=\"og:url\" content=\"https:\/\/immomediterraneo.immo\/fr\/property\/complexe-residentiel-de-nouvelle-construction-a-finestrat-2\/\" \/>\n<meta property=\"og:site_name\" content=\"Immo Mediterraneo\" \/>\n<meta property=\"article:publisher\" content=\"http:\/\/@immomediterraneo\" \/>\n<meta property=\"article:modified_time\" content=\"2026-01-15T21:22:04+00:00\" \/>\n<meta name=\"twitter:card\" content=\"summary_large_image\" \/>\n<meta name=\"twitter:label1\" content=\"Dur\u00e9e de lecture estim\u00e9e\" \/>\n\t<meta name=\"twitter:data1\" content=\"1 minute\" \/>\n<script type=\"application\/ld+json\" class=\"yoast-schema-graph\">{\"@context\":\"https:\\\/\\\/schema.org\",\"@graph\":[{\"@type\":\"WebPage\",\"@id\":\"https:\\\/\\\/immomediterraneo.immo\\\/fr\\\/property\\\/complexe-residentiel-de-nouvelle-construction-a-finestrat-2\\\/\",\"url\":\"https:\\\/\\\/immomediterraneo.immo\\\/fr\\\/property\\\/complexe-residentiel-de-nouvelle-construction-a-finestrat-2\\\/\",\"name\":\"Complexe r\u00c9sidentiel de nouvelle construction \u00c0 finestrat - Immo Mediterraneo\",\"isPartOf\":{\"@id\":\"https:\\\/\\\/immomediterraneo.immo\\\/fr\\\/nl\\\/#website\"},\"primaryImageOfPage\":{\"@id\":\"https:\\\/\\\/immomediterraneo.immo\\\/fr\\\/property\\\/complexe-residentiel-de-nouvelle-construction-a-finestrat-2\\\/#primaryimage\"},\"image\":{\"@id\":\"https:\\\/\\\/immomediterraneo.immo\\\/fr\\\/property\\\/complexe-residentiel-de-nouvelle-construction-a-finestrat-2\\\/#primaryimage\"},\"thumbnailUrl\":\"https:\\\/\\\/immomediterraneo.immo\\\/wp-content\\\/uploads\\\/\\\/2025\\\/04\\\/property_image_1dpkabgn6v_20231127040736.jpg\",\"datePublished\":\"2026-01-15T01:37:40+00:00\",\"dateModified\":\"2026-01-15T21:22:04+00:00\",\"breadcrumb\":{\"@id\":\"https:\\\/\\\/immomediterraneo.immo\\\/fr\\\/property\\\/complexe-residentiel-de-nouvelle-construction-a-finestrat-2\\\/#breadcrumb\"},\"inLanguage\":\"fr-FR\",\"potentialAction\":[{\"@type\":\"ReadAction\",\"target\":[\"https:\\\/\\\/immomediterraneo.immo\\\/fr\\\/property\\\/complexe-residentiel-de-nouvelle-construction-a-finestrat-2\\\/\"]}]},{\"@type\":\"ImageObject\",\"inLanguage\":\"fr-FR\",\"@id\":\"https:\\\/\\\/immomediterraneo.immo\\\/fr\\\/property\\\/complexe-residentiel-de-nouvelle-construction-a-finestrat-2\\\/#primaryimage\",\"url\":\"https:\\\/\\\/immomediterraneo.immo\\\/wp-content\\\/uploads\\\/\\\/2025\\\/04\\\/property_image_1dpkabgn6v_20231127040736.jpg\",\"contentUrl\":\"https:\\\/\\\/immomediterraneo.immo\\\/wp-content\\\/uploads\\\/\\\/2025\\\/04\\\/property_image_1dpkabgn6v_20231127040736.jpg\",\"width\":110,\"height\":200},{\"@type\":\"BreadcrumbList\",\"@id\":\"https:\\\/\\\/immomediterraneo.immo\\\/fr\\\/property\\\/complexe-residentiel-de-nouvelle-construction-a-finestrat-2\\\/#breadcrumb\",\"itemListElement\":[{\"@type\":\"ListItem\",\"position\":1,\"name\":\"Home\",\"item\":\"https:\\\/\\\/immomediterraneo.immo\\\/fr\\\/?page_id=225715\"},{\"@type\":\"ListItem\",\"position\":2,\"name\":\"Propri\u00e9t\u00e9s\",\"item\":\"https:\\\/\\\/immomediterraneo.immo\\\/fr\\\/property\\\/\"},{\"@type\":\"ListItem\",\"position\":3,\"name\":\"Complexe r\u00c9sidentiel de nouvelle construction \u00c0 finestrat\"}]},{\"@type\":\"WebSite\",\"@id\":\"https:\\\/\\\/immomediterraneo.immo\\\/fr\\\/nl\\\/#website\",\"url\":\"https:\\\/\\\/immomediterraneo.immo\\\/fr\\\/nl\\\/\",\"name\":\"Immo Mediterraneo\",\"description\":\"Uw partner aan de Costa Blanca en Costa Calida\",\"potentialAction\":[{\"@type\":\"SearchAction\",\"target\":{\"@type\":\"EntryPoint\",\"urlTemplate\":\"https:\\\/\\\/immomediterraneo.immo\\\/fr\\\/nl\\\/?s={search_term_string}\"},\"query-input\":{\"@type\":\"PropertyValueSpecification\",\"valueRequired\":true,\"valueName\":\"search_term_string\"}}],\"inLanguage\":\"fr-FR\"}]}<\/script>\n<!-- \/ Yoast SEO Premium plugin. -->","yoast_head_json":{"title":"Complexe r\u00c9sidentiel de nouvelle construction \u00c0 finestrat - Immo Mediterraneo","robots":{"index":"index","follow":"follow","max-snippet":"max-snippet:-1","max-image-preview":"max-image-preview:large","max-video-preview":"max-video-preview:-1"},"canonical":"https:\/\/immomediterraneo.immo\/fr\/property\/complexe-residentiel-de-nouvelle-construction-a-finestrat-2\/","og_locale":"fr_FR","og_type":"article","og_title":"Complexe r\u00c9sidentiel de nouvelle construction \u00c0 finestrat","og_description":"RESIDENTIAL COMPLEX OF NEW CONSTRUCTION IN FINESTRAT&#013;&#013;New construction residential complex i","og_url":"https:\/\/immomediterraneo.immo\/fr\/property\/complexe-residentiel-de-nouvelle-construction-a-finestrat-2\/","og_site_name":"Immo Mediterraneo","article_publisher":"http:\/\/@immomediterraneo","article_modified_time":"2026-01-15T21:22:04+00:00","twitter_card":"summary_large_image","twitter_misc":{"Dur\u00e9e de lecture estim\u00e9e":"1 minute"},"schema":{"@context":"https:\/\/schema.org","@graph":[{"@type":"WebPage","@id":"https:\/\/immomediterraneo.immo\/fr\/property\/complexe-residentiel-de-nouvelle-construction-a-finestrat-2\/","url":"https:\/\/immomediterraneo.immo\/fr\/property\/complexe-residentiel-de-nouvelle-construction-a-finestrat-2\/","name":"Complexe r\u00c9sidentiel de nouvelle construction \u00c0 finestrat - Immo Mediterraneo","isPartOf":{"@id":"https:\/\/immomediterraneo.immo\/fr\/nl\/#website"},"primaryImageOfPage":{"@id":"https:\/\/immomediterraneo.immo\/fr\/property\/complexe-residentiel-de-nouvelle-construction-a-finestrat-2\/#primaryimage"},"image":{"@id":"https:\/\/immomediterraneo.immo\/fr\/property\/complexe-residentiel-de-nouvelle-construction-a-finestrat-2\/#primaryimage"},"thumbnailUrl":"https:\/\/immomediterraneo.immo\/wp-content\/uploads\/\/2025\/04\/property_image_1dpkabgn6v_20231127040736.jpg","datePublished":"2026-01-15T01:37:40+00:00","dateModified":"2026-01-15T21:22:04+00:00","breadcrumb":{"@id":"https:\/\/immomediterraneo.immo\/fr\/property\/complexe-residentiel-de-nouvelle-construction-a-finestrat-2\/#breadcrumb"},"inLanguage":"fr-FR","potentialAction":[{"@type":"ReadAction","target":["https:\/\/immomediterraneo.immo\/fr\/property\/complexe-residentiel-de-nouvelle-construction-a-finestrat-2\/"]}]},{"@type":"ImageObject","inLanguage":"fr-FR","@id":"https:\/\/immomediterraneo.immo\/fr\/property\/complexe-residentiel-de-nouvelle-construction-a-finestrat-2\/#primaryimage","url":"https:\/\/immomediterraneo.immo\/wp-content\/uploads\/\/2025\/04\/property_image_1dpkabgn6v_20231127040736.jpg","contentUrl":"https:\/\/immomediterraneo.immo\/wp-content\/uploads\/\/2025\/04\/property_image_1dpkabgn6v_20231127040736.jpg","width":110,"height":200},{"@type":"BreadcrumbList","@id":"https:\/\/immomediterraneo.immo\/fr\/property\/complexe-residentiel-de-nouvelle-construction-a-finestrat-2\/#breadcrumb","itemListElement":[{"@type":"ListItem","position":1,"name":"Home","item":"https:\/\/immomediterraneo.immo\/fr\/?page_id=225715"},{"@type":"ListItem","position":2,"name":"Propri\u00e9t\u00e9s","item":"https:\/\/immomediterraneo.immo\/fr\/property\/"},{"@type":"ListItem","position":3,"name":"Complexe r\u00c9sidentiel de nouvelle construction \u00c0 finestrat"}]},{"@type":"WebSite","@id":"https:\/\/immomediterraneo.immo\/fr\/nl\/#website","url":"https:\/\/immomediterraneo.immo\/fr\/nl\/","name":"Immo Mediterraneo","description":"Uw partner aan de Costa Blanca en Costa Calida","potentialAction":[{"@type":"SearchAction","target":{"@type":"EntryPoint","urlTemplate":"https:\/\/immomediterraneo.immo\/fr\/nl\/?s={search_term_string}"},"query-input":{"@type":"PropertyValueSpecification","valueRequired":true,"valueName":"search_term_string"}}],"inLanguage":"fr-FR"}]}},"_links":{"self":[{"href":"https:\/\/immomediterraneo.immo\/fr\/wp-json\/wp\/v2\/properties\/3783363","targetHints":{"allow":["GET"]}}],"collection":[{"href":"https:\/\/immomediterraneo.immo\/fr\/wp-json\/wp\/v2\/properties"}],"about":[{"href":"https:\/\/immomediterraneo.immo\/fr\/wp-json\/wp\/v2\/types\/property"}],"author":[{"embeddable":true,"href":"https:\/\/immomediterraneo.immo\/fr\/wp-json\/wp\/v2\/users\/1"}],"version-history":[{"count":8,"href":"https:\/\/immomediterraneo.immo\/fr\/wp-json\/wp\/v2\/properties\/3783363\/revisions"}],"predecessor-version":[{"id":10031216,"href":"https:\/\/immomediterraneo.immo\/fr\/wp-json\/wp\/v2\/properties\/3783363\/revisions\/10031216"}],"wp:featuredmedia":[{"embeddable":true,"href":"https:\/\/immomediterraneo.immo\/fr\/wp-json\/wp\/v2\/media\/4798574"}],"wp:attachment":[{"href":"https:\/\/immomediterraneo.immo\/fr\/wp-json\/wp\/v2\/media?parent=3783363"}],"wp:term":[{"taxonomy":"property_type","embeddable":true,"href":"https:\/\/immomediterraneo.immo\/fr\/wp-json\/wp\/v2\/property_type?post=3783363"},{"taxonomy":"property_status","embeddable":true,"href":"https:\/\/immomediterraneo.immo\/fr\/wp-json\/wp\/v2\/property_status?post=3783363"},{"taxonomy":"property_feature","embeddable":true,"href":"https:\/\/immomediterraneo.immo\/fr\/wp-json\/wp\/v2\/property_feature?post=3783363"},{"taxonomy":"property_label","embeddable":true,"href":"https:\/\/immomediterraneo.immo\/fr\/wp-json\/wp\/v2\/property_label?post=3783363"},{"taxonomy":"property_country","embeddable":true,"href":"https:\/\/immomediterraneo.immo\/fr\/wp-json\/wp\/v2\/property_country?post=3783363"},{"taxonomy":"property_state","embeddable":true,"href":"https:\/\/immomediterraneo.immo\/fr\/wp-json\/wp\/v2\/property_state?post=3783363"},{"taxonomy":"property_city","embeddable":true,"href":"https:\/\/immomediterraneo.immo\/fr\/wp-json\/wp\/v2\/property_city?post=3783363"},{"taxonomy":"property_area","embeddable":true,"href":"https:\/\/immomediterraneo.immo\/fr\/wp-json\/wp\/v2\/property_area?post=3783363"}],"curies":[{"name":"wp","href":"https:\/\/api.w.org\/{rel}","templated":true}]}}