{"id":4120231,"date":"2025-09-13T01:25:31","date_gmt":"2025-09-12T23:25:31","guid":{"rendered":"https:\/\/immomediterraneo.immo\/property\/apartment-in-la-manga-del-mar-menor-7\/"},"modified":"2026-04-29T09:29:25","modified_gmt":"2026-04-29T07:29:25","slug":"bel-appartements-vue-mer-a-la-manga-2","status":"publish","type":"property","link":"https:\/\/immomediterraneo.immo\/fr\/property\/bel-appartements-vue-mer-a-la-manga-2\/","title":{"rendered":"Bel appartements vue mer a la manga"},"content":{"rendered":"<p>BEL APPARTEMENTS VUE MER A LA MANGA&#013;&#013; Cette urbanisation est situ\u00e9e dans la plus grande zone d&#8217;expansion de La Manga.&#013; Dans cette nouvelle urbanisation, les maisons ont \u00e9t\u00e9 con\u00e7ues pour profiter de chaque coin de la maison, ainsi que du soin apport\u00e9 au choix des mat\u00e9riaux et de leur conception.&#013; Appartements avec porte d&#8217;entr\u00e9e blind\u00e9e et portes laqu\u00e9es en blanc avec ferrures en acier inoxydable.&#013; Stores blancs monoblocs et double vitrage avec chambre \u00e0 air.&#013; Dans la chambre parentale un placard encastr\u00e9 \u00e0 portes coulissantes, avec une \u00e9tag\u00e8re s\u00e9paratrice en mezzanine, un bar et une commode \u00e0 trois tiroirs.&#013; Cuisine avec meubles hauts et bas, en blanc, poign\u00e9e de type gola, \u00e9vier simple avec \u00e9gouttoir, plaque vitroc\u00e9ramique, four \u00e9lectrique et hotte aspirante.&#013; Pr\u00e9-installation de la climatisation (froid et chaud) par conduits avec disposition de zonage des pi\u00e8ces.&#013;&#013; La Manga del Mar Menor est une bande de terre naturelle entour\u00e9e de deux mers, la Mar Menor et la mer M\u00e9diterran\u00e9e. A cette raret\u00e9 s&#8217;ajoutent les multiples possibilit\u00e9s de loisirs et temps libres, restaurants, supermarch\u00e9s, centres m\u00e9dicaux, pharmacies, centres de sports nautiques, terrains de golf.&#013; La Manga est situ\u00e9e sur la c\u00f4te nord de la Costa Calida et est une destination de vacances populaire pour les touristes. L&#8217;\u00e9troite bande de terre s\u00e9parant le lagon chaud et la mer plus froide a un microclimat unique. C&#8217;est l&#8217;une des r\u00e9gions les plus exotiques d&#8217;Espagne.&#013; L&#8217;a\u00e9roport de Corvera est \u00e0 environ 1 heure de route et l&#8217;a\u00e9roport d&#8217;Alicante \u00e0 environ 2 heures.&#013;&#013;&#013;365<\/p>\n","protected":false},"excerpt":{"rendered":"<p>BEAUTIFUL SEA VIEW APARTMENTS IN LA MANGA&#013;&#013; This urbanization is located in the largest expa<\/p>\n","protected":false},"author":1,"featured_media":0,"parent":0,"menu_order":0,"template":"","property_type":[671],"property_status":[],"property_feature":[423,445,428,453,424,425,449,448,426,489,450,447,431,472],"property_label":[],"property_country":[455],"property_state":[300],"property_city":[395],"property_area":[],"class_list":["post-4120231","property","type-property","status-publish","hentry","property_type-apartamento-fr","property_feature-airconditioning","property_feature-airconditioning-fr","property_feature-dichtbij-bushalte","property_feature-scholen-fr","property_feature-eigen-parkeerplaats","property_feature-elevator","property_feature-elevator-fr","property_feature-eigen-parkeerplaats-fr","property_feature-gemeenschappelijk-zwembad","property_feature-zee-fr","property_feature-gemeenschappelijk-zwembad-fr","property_feature-dichtbij-bushalte-fr","property_feature-scholen","property_feature-zee","property_country-spanje-fr","property_state-region-de-murcia-fr","property_city-la-manga-del-mar-menor-fr"],"property_meta":{"_icl_lang_duplicate_of":["3620661"],"_yoast_indexnow_last_ping":["1777447766"],"_houzez_expiration_date_status":["saved"],"fave_currency_info":["&nbsp;"],"slide_template":["default"],"fave_property_map":["1"],"is_from_crm":["1"],"fave_property_size":["77"],"fave_property_bedrooms":["3"],"fave_property_bathrooms":["2"],"fave_property_id":["N6156"],"fave_property_price":["254000"],"fave_property_location":["37.749759,-0.740083,14"],"houzez_geolocation_lat":["37.749759"],"houzez_geolocation_long":["-0.740083"],"_wpml_location_migration_done":["1"],"_wpml_word_count":["{\"total\":253,\"to_translate\":{\"en\":253,\"fr\":253,\"es\":253}}"],"houzez_total_property_views":["131"],"houzez_views_by_date":["a:61:{s:10:\"05-16-2025\";i:1;s:10:\"05-18-2025\";i:1;s:10:\"05-20-2025\";i:2;s:10:\"05-22-2025\";i:2;s:10:\"05-24-2025\";i:2;s:10:\"05-25-2025\";i:3;s:10:\"05-26-2025\";i:2;s:10:\"05-27-2025\";i:2;s:10:\"05-29-2025\";i:1;s:10:\"05-31-2025\";i:3;s:10:\"06-01-2025\";i:1;s:10:\"06-02-2025\";i:2;s:10:\"06-03-2025\";i:1;s:10:\"06-04-2025\";i:1;s:10:\"06-06-2025\";i:2;s:10:\"06-07-2025\";i:2;s:10:\"06-08-2025\";i:1;s:10:\"06-10-2025\";i:1;s:10:\"06-11-2025\";i:1;s:10:\"06-12-2025\";i:1;s:10:\"06-15-2025\";i:1;s:10:\"06-17-2025\";i:1;s:10:\"06-19-2025\";i:1;s:10:\"06-21-2025\";i:1;s:10:\"06-22-2025\";i:1;s:10:\"06-26-2025\";i:1;s:10:\"06-28-2025\";i:1;s:10:\"06-30-2025\";i:1;s:10:\"07-01-2025\";i:1;s:10:\"07-02-2025\";i:1;s:10:\"07-05-2025\";i:1;s:10:\"07-06-2025\";i:3;s:10:\"07-10-2025\";i:1;s:10:\"07-12-2025\";i:1;s:10:\"07-22-2025\";i:1;s:10:\"07-25-2025\";i:1;s:10:\"07-31-2025\";i:1;s:10:\"08-02-2025\";i:3;s:10:\"08-03-2025\";i:1;s:10:\"08-05-2025\";i:1;s:10:\"08-09-2025\";i:1;s:10:\"08-10-2025\";i:1;s:10:\"08-14-2025\";i:1;s:10:\"08-18-2025\";i:1;s:10:\"08-19-2025\";i:1;s:10:\"08-20-2025\";i:1;s:10:\"08-21-2025\";i:1;s:10:\"08-22-2025\";i:1;s:10:\"08-27-2025\";i:2;s:10:\"08-28-2025\";i:1;s:10:\"08-30-2025\";i:1;s:10:\"09-04-2025\";i:1;s:10:\"09-05-2025\";i:1;s:10:\"09-08-2025\";i:2;s:10:\"09-10-2025\";i:1;s:10:\"09-12-2025\";i:1;s:10:\"04-29-2026\";i:3;s:10:\"04-30-2026\";i:2;s:10:\"05-01-2026\";i:1;s:10:\"05-02-2026\";i:1;s:10:\"05-03-2026\";i:2;}"],"houzez_recently_viewed":["2026-05-03 13:49:37"],"_wpml_media_duplicate":["1"],"_thumbnail_id":[null],"_last_translation_edit_mode":["translation-editor"],"fave_property_images":[null,null,null,null,null,null,null,null,null,null,null,null,null,null,null,null,null,null,null,null,null,null,null,null,null,null,"11316168","11316172","11316176","11316180","11316184","11316188","11316192","11316196","11316200","11316204","11316208","11316212","11316216","11316220","11316224","11316228","11316232","11316236","11316240","11316244","11316248","11316252","11316256","11316260","11316264","11316268","11316272","11316276","11316280","11316284","11316288","11316292","11316296","11316300","11316304","11316308"]},"yoast_head":"<!-- This site is optimized with the Yoast SEO Premium plugin v21.6 (Yoast SEO v27.5) - https:\/\/yoast.com\/product\/yoast-seo-premium-wordpress\/ -->\n<title>Bel appartements vue mer a la manga - Immo Mediterraneo<\/title>\n<meta name=\"robots\" content=\"index, follow, max-snippet:-1, max-image-preview:large, max-video-preview:-1\" \/>\n<link rel=\"canonical\" href=\"https:\/\/immomediterraneo.immo\/fr\/property\/bel-appartements-vue-mer-a-la-manga-2\/\" \/>\n<meta property=\"og:locale\" content=\"fr_FR\" \/>\n<meta property=\"og:type\" content=\"article\" \/>\n<meta property=\"og:title\" content=\"Bel appartements vue mer a la manga\" \/>\n<meta property=\"og:description\" content=\"BEAUTIFUL SEA VIEW APARTMENTS IN LA MANGA&#013;&#013; This urbanization is located in the largest expa\" \/>\n<meta property=\"og:url\" content=\"https:\/\/immomediterraneo.immo\/fr\/property\/bel-appartements-vue-mer-a-la-manga-2\/\" \/>\n<meta property=\"og:site_name\" content=\"Immo Mediterraneo\" \/>\n<meta property=\"article:publisher\" content=\"http:\/\/@immomediterraneo\" \/>\n<meta property=\"article:modified_time\" content=\"2026-04-29T07:29:25+00:00\" \/>\n<meta name=\"twitter:card\" content=\"summary_large_image\" \/>\n<meta name=\"twitter:label1\" content=\"Dur\u00e9e de lecture estim\u00e9e\" \/>\n\t<meta name=\"twitter:data1\" content=\"1 minute\" \/>\n<script type=\"application\/ld+json\" class=\"yoast-schema-graph\">{\"@context\":\"https:\\\/\\\/schema.org\",\"@graph\":[{\"@type\":\"WebPage\",\"@id\":\"https:\\\/\\\/immomediterraneo.immo\\\/fr\\\/property\\\/bel-appartements-vue-mer-a-la-manga-2\\\/\",\"url\":\"https:\\\/\\\/immomediterraneo.immo\\\/fr\\\/property\\\/bel-appartements-vue-mer-a-la-manga-2\\\/\",\"name\":\"Bel appartements vue mer a la manga - Immo Mediterraneo\",\"isPartOf\":{\"@id\":\"https:\\\/\\\/immomediterraneo.immo\\\/fr\\\/nl\\\/#website\"},\"datePublished\":\"2025-09-12T23:25:31+00:00\",\"dateModified\":\"2026-04-29T07:29:25+00:00\",\"breadcrumb\":{\"@id\":\"https:\\\/\\\/immomediterraneo.immo\\\/fr\\\/property\\\/bel-appartements-vue-mer-a-la-manga-2\\\/#breadcrumb\"},\"inLanguage\":\"fr-FR\",\"potentialAction\":[{\"@type\":\"ReadAction\",\"target\":[\"https:\\\/\\\/immomediterraneo.immo\\\/fr\\\/property\\\/bel-appartements-vue-mer-a-la-manga-2\\\/\"]}]},{\"@type\":\"BreadcrumbList\",\"@id\":\"https:\\\/\\\/immomediterraneo.immo\\\/fr\\\/property\\\/bel-appartements-vue-mer-a-la-manga-2\\\/#breadcrumb\",\"itemListElement\":[{\"@type\":\"ListItem\",\"position\":1,\"name\":\"Home\",\"item\":\"https:\\\/\\\/immomediterraneo.immo\\\/fr\\\/?page_id=225715\"},{\"@type\":\"ListItem\",\"position\":2,\"name\":\"Propri\u00e9t\u00e9s\",\"item\":\"https:\\\/\\\/immomediterraneo.immo\\\/fr\\\/property\\\/\"},{\"@type\":\"ListItem\",\"position\":3,\"name\":\"Bel appartements vue mer a la manga\"}]},{\"@type\":\"WebSite\",\"@id\":\"https:\\\/\\\/immomediterraneo.immo\\\/fr\\\/nl\\\/#website\",\"url\":\"https:\\\/\\\/immomediterraneo.immo\\\/fr\\\/nl\\\/\",\"name\":\"Immo Mediterraneo\",\"description\":\"Uw partner aan de Costa Blanca en Costa Calida\",\"potentialAction\":[{\"@type\":\"SearchAction\",\"target\":{\"@type\":\"EntryPoint\",\"urlTemplate\":\"https:\\\/\\\/immomediterraneo.immo\\\/fr\\\/nl\\\/?s={search_term_string}\"},\"query-input\":{\"@type\":\"PropertyValueSpecification\",\"valueRequired\":true,\"valueName\":\"search_term_string\"}}],\"inLanguage\":\"fr-FR\"}]}<\/script>\n<!-- \/ Yoast SEO Premium plugin. -->","yoast_head_json":{"title":"Bel appartements vue mer a la manga - Immo Mediterraneo","robots":{"index":"index","follow":"follow","max-snippet":"max-snippet:-1","max-image-preview":"max-image-preview:large","max-video-preview":"max-video-preview:-1"},"canonical":"https:\/\/immomediterraneo.immo\/fr\/property\/bel-appartements-vue-mer-a-la-manga-2\/","og_locale":"fr_FR","og_type":"article","og_title":"Bel appartements vue mer a la manga","og_description":"BEAUTIFUL SEA VIEW APARTMENTS IN LA MANGA&#013;&#013; This urbanization is located in the largest expa","og_url":"https:\/\/immomediterraneo.immo\/fr\/property\/bel-appartements-vue-mer-a-la-manga-2\/","og_site_name":"Immo Mediterraneo","article_publisher":"http:\/\/@immomediterraneo","article_modified_time":"2026-04-29T07:29:25+00:00","twitter_card":"summary_large_image","twitter_misc":{"Dur\u00e9e de lecture estim\u00e9e":"1 minute"},"schema":{"@context":"https:\/\/schema.org","@graph":[{"@type":"WebPage","@id":"https:\/\/immomediterraneo.immo\/fr\/property\/bel-appartements-vue-mer-a-la-manga-2\/","url":"https:\/\/immomediterraneo.immo\/fr\/property\/bel-appartements-vue-mer-a-la-manga-2\/","name":"Bel appartements vue mer a la manga - Immo Mediterraneo","isPartOf":{"@id":"https:\/\/immomediterraneo.immo\/fr\/nl\/#website"},"datePublished":"2025-09-12T23:25:31+00:00","dateModified":"2026-04-29T07:29:25+00:00","breadcrumb":{"@id":"https:\/\/immomediterraneo.immo\/fr\/property\/bel-appartements-vue-mer-a-la-manga-2\/#breadcrumb"},"inLanguage":"fr-FR","potentialAction":[{"@type":"ReadAction","target":["https:\/\/immomediterraneo.immo\/fr\/property\/bel-appartements-vue-mer-a-la-manga-2\/"]}]},{"@type":"BreadcrumbList","@id":"https:\/\/immomediterraneo.immo\/fr\/property\/bel-appartements-vue-mer-a-la-manga-2\/#breadcrumb","itemListElement":[{"@type":"ListItem","position":1,"name":"Home","item":"https:\/\/immomediterraneo.immo\/fr\/?page_id=225715"},{"@type":"ListItem","position":2,"name":"Propri\u00e9t\u00e9s","item":"https:\/\/immomediterraneo.immo\/fr\/property\/"},{"@type":"ListItem","position":3,"name":"Bel appartements vue mer a la manga"}]},{"@type":"WebSite","@id":"https:\/\/immomediterraneo.immo\/fr\/nl\/#website","url":"https:\/\/immomediterraneo.immo\/fr\/nl\/","name":"Immo Mediterraneo","description":"Uw partner aan de Costa Blanca en Costa Calida","potentialAction":[{"@type":"SearchAction","target":{"@type":"EntryPoint","urlTemplate":"https:\/\/immomediterraneo.immo\/fr\/nl\/?s={search_term_string}"},"query-input":{"@type":"PropertyValueSpecification","valueRequired":true,"valueName":"search_term_string"}}],"inLanguage":"fr-FR"}]}},"_links":{"self":[{"href":"https:\/\/immomediterraneo.immo\/fr\/wp-json\/wp\/v2\/properties\/4120231","targetHints":{"allow":["GET"]}}],"collection":[{"href":"https:\/\/immomediterraneo.immo\/fr\/wp-json\/wp\/v2\/properties"}],"about":[{"href":"https:\/\/immomediterraneo.immo\/fr\/wp-json\/wp\/v2\/types\/property"}],"author":[{"embeddable":true,"href":"https:\/\/immomediterraneo.immo\/fr\/wp-json\/wp\/v2\/users\/1"}],"version-history":[{"count":8,"href":"https:\/\/immomediterraneo.immo\/fr\/wp-json\/wp\/v2\/properties\/4120231\/revisions"}],"predecessor-version":[{"id":11316312,"href":"https:\/\/immomediterraneo.immo\/fr\/wp-json\/wp\/v2\/properties\/4120231\/revisions\/11316312"}],"wp:attachment":[{"href":"https:\/\/immomediterraneo.immo\/fr\/wp-json\/wp\/v2\/media?parent=4120231"}],"wp:term":[{"taxonomy":"property_type","embeddable":true,"href":"https:\/\/immomediterraneo.immo\/fr\/wp-json\/wp\/v2\/property_type?post=4120231"},{"taxonomy":"property_status","embeddable":true,"href":"https:\/\/immomediterraneo.immo\/fr\/wp-json\/wp\/v2\/property_status?post=4120231"},{"taxonomy":"property_feature","embeddable":true,"href":"https:\/\/immomediterraneo.immo\/fr\/wp-json\/wp\/v2\/property_feature?post=4120231"},{"taxonomy":"property_label","embeddable":true,"href":"https:\/\/immomediterraneo.immo\/fr\/wp-json\/wp\/v2\/property_label?post=4120231"},{"taxonomy":"property_country","embeddable":true,"href":"https:\/\/immomediterraneo.immo\/fr\/wp-json\/wp\/v2\/property_country?post=4120231"},{"taxonomy":"property_state","embeddable":true,"href":"https:\/\/immomediterraneo.immo\/fr\/wp-json\/wp\/v2\/property_state?post=4120231"},{"taxonomy":"property_city","embeddable":true,"href":"https:\/\/immomediterraneo.immo\/fr\/wp-json\/wp\/v2\/property_city?post=4120231"},{"taxonomy":"property_area","embeddable":true,"href":"https:\/\/immomediterraneo.immo\/fr\/wp-json\/wp\/v2\/property_area?post=4120231"}],"curies":[{"name":"wp","href":"https:\/\/api.w.org\/{rel}","templated":true}]}}