{"id":7190627,"date":"2026-01-20T09:20:07","date_gmt":"2026-01-20T08:20:07","guid":{"rendered":"https:\/\/immomediterraneo.immo\/property\/nieuwbouw-wooncomplex-in-los-alcazares-4\/"},"modified":"2026-03-12T08:27:56","modified_gmt":"2026-03-12T07:27:56","slug":"nouveau-complexe-residentiel-a-los-alcazares-2","status":"publish","type":"property","link":"https:\/\/immomediterraneo.immo\/fr\/property\/nouveau-complexe-residentiel-a-los-alcazares-2\/","title":{"rendered":"Nouveau complexe r\u00e9sidentiel \u00e0 los alcazares"},"content":{"rendered":"<p>Nouveau complexe r\u00e9sidentiel \u00e0 Los Alc\u00e1zares&#013;&#013;Maisons exclusives sur la Costa C\u00e1lida&#013;Ce nouveau complexe r\u00e9sidentiel \u00e0 Los Alc\u00e1zares offre une occasion unique de profiter d&#8217;un mode de vie moderne dans l&#8217;une des zones les plus pris\u00e9es de la Costa C\u00e1lida. Situ\u00e9 \u00e0 seulement 1,2 km de la plage et en premi\u00e8re ligne du prestigieux parcours de golf La Serena, ce complexe combine \u00e0 la perfection le style de vie c\u00f4tier et la tranquillit\u00e9 d&#8217;un environnement golfique. Le charmant centre-ville de Los Alc\u00e1zares est accessible \u00e0 pied, ce qui permet d&#8217;acc\u00e9der facilement aux commerces, aux restaurants et \u00e0 tous les services essentiels.&#013;&#013;Appartements modernes et villas exclusives&#013;La promotion comprend 13 appartements contemporains de 2, 3 ou 4 chambres et 4 villas exclusives de 3 chambres. Les acheteurs peuvent choisir entre des appartements au rez-de-chauss\u00e9e ou \u00e0 l&#8217;\u00e9tage interm\u00e9diaire avec de spacieuses terrasses, ou des penthouses avec solariums priv\u00e9s. Toutes les propri\u00e9t\u00e9s comprennent une place de parking priv\u00e9e et un d\u00e9barras dans le garage souterrain, accessible par ascenseur.&#013;&#013;\u00c9quipements de haute qualit\u00e9&#013;Chaque logement a \u00e9t\u00e9 con\u00e7u avec des finitions modernes et un confort maximal \u00e0 l&#8217;esprit. Les principales caract\u00e9ristiques sont les suivantes :&#013;Salles de bains enti\u00e8rement \u00e9quip\u00e9es avec meubles et parois de douche&#013;Pr\u00e9-installation de la climatisation gainable&#013;Volets roulants motoris\u00e9s dans les chambres&#013;&#013;Ces d\u00e9tails garantissent que chaque propri\u00e9t\u00e9 est pratique, \u00e9l\u00e9gante et pr\u00eate \u00e0 s&#8217;adapter \u00e0 diff\u00e9rents styles de vie.&#013;&#013;Un emplacement privil\u00e9gi\u00e9 avec d&#8217;excellentes connexions&#013;Los Alc\u00e1zares est strat\u00e9giquement situ\u00e9 pour les loisirs et la commodit\u00e9. La r\u00e9gion offre un acc\u00e8s direct aux principales autoroutes et est bien reli\u00e9e aux villes et a\u00e9roports voisins :&#013;Plages de Mar Menor : 1,2 km&#013;Club de golf La Serena : adjacent au complexe&#013;Cartagena : 20 km&#013;A\u00e9roport de Murcie : 25 minutes&#013;A\u00e9roport d&#8217;Alicante : 55 minutes&#013;Plusieurs terrains de golf dans un rayon de 10 \u00e0 20 km&#013;&#013;Un style de vie au bord de la mer et du golf&#013;Vivre \u00e0 Los Alc\u00e1zares, c&#8217;est profiter du meilleur du style de vie m\u00e9diterran\u00e9en. La Mar Menor, la plus grande lagune d&#8217;eau sal\u00e9e d&#8217;Europe, situ\u00e9e \u00e0 proximit\u00e9, offre des eaux chaudes et peu profondes, id\u00e9ales pour la baignade, la voile et une grande vari\u00e9t\u00e9 de sports nautiques. Les amateurs de golf appr\u00e9cieront l&#8217;acc\u00e8s direct au La Serena Golf, c\u00e9l\u00e8bre pour son parcours difficile avec des obstacles d&#8217;eau sur 16 de ses 18 trous.&#013;&#013;Votre maison m\u00e9diterran\u00e9enne vous attend&#013;Que vous recherchiez une r\u00e9sidence permanente, une maison de vacances ou une opportunit\u00e9 d&#8217;investissement, ce nouveau programme immobilier \u00e0 Los Alc\u00e1zares offre l&#8217;\u00e9quilibre parfait entre confort moderne, beaut\u00e9 naturelle et emplacement exceptionnel. Contactez-nous d\u00e8s aujourd&#8217;hui pour organiser une visite et acqu\u00e9rir la maison de vos r\u00eaves sur la Costa C\u00e1lida.&#013;&#013;&#013;365<\/p>\n","protected":false},"excerpt":{"rendered":"<p>New Build Residential Complex in Los Alc\u00e1zares&#013;&#013;Exclusive Homes on the Costa C\u00e1lida&#013;Th<\/p>\n","protected":false},"author":1,"featured_media":7190750,"parent":0,"menu_order":0,"template":"","property_type":[671],"property_status":[],"property_feature":[],"property_label":[],"property_country":[455],"property_state":[300],"property_city":[800],"property_area":[],"class_list":["post-7190627","property","type-property","status-publish","has-post-thumbnail","hentry","property_type-apartamento-fr","property_country-spanje-fr","property_state-region-de-murcia-fr","property_city-serena-golf-fr"],"property_meta":{"_icl_lang_duplicate_of":["7189520"],"_yoast_indexnow_last_ping":["1773300477"],"_houzez_expiration_date_status":["saved"],"fave_currency_info":["&nbsp;"],"slide_template":["default"],"fave_property_map":["1"],"is_from_crm":["1"],"fave_property_size":["70"],"fave_property_bedrooms":["2"],"fave_property_bathrooms":["2"],"fave_property_year":["2025"],"fave_property_id":["P3350"],"fave_property_price":["275000"],"fave_property_location":["37.731446588766914,-0.8708894452920776,14"],"houzez_geolocation_lat":["37.731446588766914"],"houzez_geolocation_long":["-0.8708894452920776"],"_wpml_location_migration_done":["1"],"_wpml_word_count":["{\"total\":433,\"to_translate\":{\"en\":433,\"fr\":433,\"es\":433}}"],"houzez_total_property_views":["543"],"houzez_views_by_date":["a:61:{s:10:\"09-25-2025\";i:49;s:10:\"09-26-2025\";i:17;s:10:\"09-27-2025\";i:16;s:10:\"09-28-2025\";i:3;s:10:\"09-29-2025\";i:6;s:10:\"09-30-2025\";i:20;s:10:\"10-01-2025\";i:5;s:10:\"10-02-2025\";i:1;s:10:\"10-03-2025\";i:1;s:10:\"10-05-2025\";i:1;s:10:\"10-07-2025\";i:3;s:10:\"10-10-2025\";i:1;s:10:\"10-11-2025\";i:2;s:10:\"10-12-2025\";i:2;s:10:\"10-16-2025\";i:3;s:10:\"10-19-2025\";i:1;s:10:\"10-20-2025\";i:1;s:10:\"10-22-2025\";i:1;s:10:\"10-23-2025\";i:3;s:10:\"10-27-2025\";i:2;s:10:\"11-01-2025\";i:2;s:10:\"11-04-2025\";i:1;s:10:\"11-08-2025\";i:1;s:10:\"11-09-2025\";i:2;s:10:\"11-10-2025\";i:1;s:10:\"11-12-2025\";i:3;s:10:\"11-14-2025\";i:1;s:10:\"11-16-2025\";i:1;s:10:\"11-19-2025\";i:1;s:10:\"11-20-2025\";i:1;s:10:\"11-21-2025\";i:2;s:10:\"11-26-2025\";i:1;s:10:\"12-02-2025\";i:1;s:10:\"12-03-2025\";i:1;s:10:\"12-05-2025\";i:2;s:10:\"12-06-2025\";i:1;s:10:\"12-11-2025\";i:1;s:10:\"12-12-2025\";i:4;s:10:\"12-17-2025\";i:1;s:10:\"12-20-2025\";i:1;s:10:\"12-22-2025\";i:1;s:10:\"12-28-2025\";i:1;s:10:\"12-29-2025\";i:1;s:10:\"12-31-2025\";i:1;s:10:\"01-03-2026\";i:1;s:10:\"01-06-2026\";i:1;s:10:\"01-12-2026\";i:1;s:10:\"01-13-2026\";i:1;s:10:\"01-14-2026\";i:1;s:10:\"01-15-2026\";i:1;s:10:\"01-20-2026\";i:1;s:10:\"03-12-2026\";i:4;s:10:\"03-17-2026\";i:1;s:10:\"03-20-2026\";i:1;s:10:\"03-31-2026\";i:1;s:10:\"04-01-2026\";i:1;s:10:\"04-03-2026\";i:1;s:10:\"04-11-2026\";i:1;s:10:\"04-17-2026\";i:2;s:10:\"04-18-2026\";i:1;s:10:\"04-23-2026\";i:1;}"],"houzez_recently_viewed":["2026-04-23 13:57:13"],"_wpml_media_duplicate":["1"],"_thumbnail_id":["7190750"],"_last_translation_edit_mode":["translation-editor"],"fave_property_images":["7190750","7190754","7190758","7190762","7190766","7190770","7190774","7190778","7190782","7190786","7190790","7190794","7190798","7190802","7299804","7273593","7190806","7299808","11019467","11019471","11019475","11019479","11019483","11019487","11019491","11019495","11019499","11019503","11019507","11019511","11019515","11019519","11019523","11019527","11019531","11019535","11019539"]},"yoast_head":"<!-- This site is optimized with the Yoast SEO Premium plugin v21.6 (Yoast SEO v27.4) - https:\/\/yoast.com\/product\/yoast-seo-premium-wordpress\/ -->\n<title>Nouveau complexe r\u00e9sidentiel \u00e0 los alcazares - Immo Mediterraneo<\/title>\n<meta name=\"robots\" content=\"index, follow, max-snippet:-1, max-image-preview:large, max-video-preview:-1\" \/>\n<link rel=\"canonical\" href=\"https:\/\/immomediterraneo.immo\/fr\/property\/nouveau-complexe-residentiel-a-los-alcazares-2\/\" \/>\n<meta property=\"og:locale\" content=\"fr_FR\" \/>\n<meta property=\"og:type\" content=\"article\" \/>\n<meta property=\"og:title\" content=\"Nouveau complexe r\u00e9sidentiel \u00e0 los alcazares\" \/>\n<meta property=\"og:description\" content=\"New Build Residential Complex in Los Alc\u00e1zares&#013;&#013;Exclusive Homes on the Costa C\u00e1lida&#013;Th\" \/>\n<meta property=\"og:url\" content=\"https:\/\/immomediterraneo.immo\/fr\/property\/nouveau-complexe-residentiel-a-los-alcazares-2\/\" \/>\n<meta property=\"og:site_name\" content=\"Immo Mediterraneo\" \/>\n<meta property=\"article:publisher\" content=\"http:\/\/@immomediterraneo\" \/>\n<meta property=\"article:modified_time\" content=\"2026-03-12T07:27:56+00:00\" \/>\n<meta name=\"twitter:card\" content=\"summary_large_image\" \/>\n<meta name=\"twitter:label1\" content=\"Dur\u00e9e de lecture estim\u00e9e\" \/>\n\t<meta name=\"twitter:data1\" content=\"2 minutes\" \/>\n<script type=\"application\/ld+json\" class=\"yoast-schema-graph\">{\"@context\":\"https:\\\/\\\/schema.org\",\"@graph\":[{\"@type\":\"WebPage\",\"@id\":\"https:\\\/\\\/immomediterraneo.immo\\\/fr\\\/property\\\/nouveau-complexe-residentiel-a-los-alcazares-2\\\/\",\"url\":\"https:\\\/\\\/immomediterraneo.immo\\\/fr\\\/property\\\/nouveau-complexe-residentiel-a-los-alcazares-2\\\/\",\"name\":\"Nouveau complexe r\u00e9sidentiel \u00e0 los alcazares - Immo Mediterraneo\",\"isPartOf\":{\"@id\":\"https:\\\/\\\/immomediterraneo.immo\\\/fr\\\/nl\\\/#website\"},\"primaryImageOfPage\":{\"@id\":\"https:\\\/\\\/immomediterraneo.immo\\\/fr\\\/property\\\/nouveau-complexe-residentiel-a-los-alcazares-2\\\/#primaryimage\"},\"image\":{\"@id\":\"https:\\\/\\\/immomediterraneo.immo\\\/fr\\\/property\\\/nouveau-complexe-residentiel-a-los-alcazares-2\\\/#primaryimage\"},\"thumbnailUrl\":\"https:\\\/\\\/immomediterraneo.immo\\\/wp-content\\\/uploads\\\/\\\/2025\\\/09\\\/property_image_1w1jalwget_20250915065229.jpg\",\"datePublished\":\"2026-01-20T08:20:07+00:00\",\"dateModified\":\"2026-03-12T07:27:56+00:00\",\"breadcrumb\":{\"@id\":\"https:\\\/\\\/immomediterraneo.immo\\\/fr\\\/property\\\/nouveau-complexe-residentiel-a-los-alcazares-2\\\/#breadcrumb\"},\"inLanguage\":\"fr-FR\",\"potentialAction\":[{\"@type\":\"ReadAction\",\"target\":[\"https:\\\/\\\/immomediterraneo.immo\\\/fr\\\/property\\\/nouveau-complexe-residentiel-a-los-alcazares-2\\\/\"]}]},{\"@type\":\"ImageObject\",\"inLanguage\":\"fr-FR\",\"@id\":\"https:\\\/\\\/immomediterraneo.immo\\\/fr\\\/property\\\/nouveau-complexe-residentiel-a-los-alcazares-2\\\/#primaryimage\",\"url\":\"https:\\\/\\\/immomediterraneo.immo\\\/wp-content\\\/uploads\\\/\\\/2025\\\/09\\\/property_image_1w1jalwget_20250915065229.jpg\",\"contentUrl\":\"https:\\\/\\\/immomediterraneo.immo\\\/wp-content\\\/uploads\\\/\\\/2025\\\/09\\\/property_image_1w1jalwget_20250915065229.jpg\",\"width\":110,\"height\":200},{\"@type\":\"BreadcrumbList\",\"@id\":\"https:\\\/\\\/immomediterraneo.immo\\\/fr\\\/property\\\/nouveau-complexe-residentiel-a-los-alcazares-2\\\/#breadcrumb\",\"itemListElement\":[{\"@type\":\"ListItem\",\"position\":1,\"name\":\"Home\",\"item\":\"https:\\\/\\\/immomediterraneo.immo\\\/fr\\\/?page_id=225715\"},{\"@type\":\"ListItem\",\"position\":2,\"name\":\"Propri\u00e9t\u00e9s\",\"item\":\"https:\\\/\\\/immomediterraneo.immo\\\/fr\\\/property\\\/\"},{\"@type\":\"ListItem\",\"position\":3,\"name\":\"Nouveau complexe r\u00e9sidentiel \u00e0 los alcazares\"}]},{\"@type\":\"WebSite\",\"@id\":\"https:\\\/\\\/immomediterraneo.immo\\\/fr\\\/nl\\\/#website\",\"url\":\"https:\\\/\\\/immomediterraneo.immo\\\/fr\\\/nl\\\/\",\"name\":\"Immo Mediterraneo\",\"description\":\"Uw partner aan de Costa Blanca en Costa Calida\",\"potentialAction\":[{\"@type\":\"SearchAction\",\"target\":{\"@type\":\"EntryPoint\",\"urlTemplate\":\"https:\\\/\\\/immomediterraneo.immo\\\/fr\\\/nl\\\/?s={search_term_string}\"},\"query-input\":{\"@type\":\"PropertyValueSpecification\",\"valueRequired\":true,\"valueName\":\"search_term_string\"}}],\"inLanguage\":\"fr-FR\"}]}<\/script>\n<!-- \/ Yoast SEO Premium plugin. -->","yoast_head_json":{"title":"Nouveau complexe r\u00e9sidentiel \u00e0 los alcazares - Immo Mediterraneo","robots":{"index":"index","follow":"follow","max-snippet":"max-snippet:-1","max-image-preview":"max-image-preview:large","max-video-preview":"max-video-preview:-1"},"canonical":"https:\/\/immomediterraneo.immo\/fr\/property\/nouveau-complexe-residentiel-a-los-alcazares-2\/","og_locale":"fr_FR","og_type":"article","og_title":"Nouveau complexe r\u00e9sidentiel \u00e0 los alcazares","og_description":"New Build Residential Complex in Los Alc\u00e1zares&#013;&#013;Exclusive Homes on the Costa C\u00e1lida&#013;Th","og_url":"https:\/\/immomediterraneo.immo\/fr\/property\/nouveau-complexe-residentiel-a-los-alcazares-2\/","og_site_name":"Immo Mediterraneo","article_publisher":"http:\/\/@immomediterraneo","article_modified_time":"2026-03-12T07:27:56+00:00","twitter_card":"summary_large_image","twitter_misc":{"Dur\u00e9e de lecture estim\u00e9e":"2 minutes"},"schema":{"@context":"https:\/\/schema.org","@graph":[{"@type":"WebPage","@id":"https:\/\/immomediterraneo.immo\/fr\/property\/nouveau-complexe-residentiel-a-los-alcazares-2\/","url":"https:\/\/immomediterraneo.immo\/fr\/property\/nouveau-complexe-residentiel-a-los-alcazares-2\/","name":"Nouveau complexe r\u00e9sidentiel \u00e0 los alcazares - Immo Mediterraneo","isPartOf":{"@id":"https:\/\/immomediterraneo.immo\/fr\/nl\/#website"},"primaryImageOfPage":{"@id":"https:\/\/immomediterraneo.immo\/fr\/property\/nouveau-complexe-residentiel-a-los-alcazares-2\/#primaryimage"},"image":{"@id":"https:\/\/immomediterraneo.immo\/fr\/property\/nouveau-complexe-residentiel-a-los-alcazares-2\/#primaryimage"},"thumbnailUrl":"https:\/\/immomediterraneo.immo\/wp-content\/uploads\/\/2025\/09\/property_image_1w1jalwget_20250915065229.jpg","datePublished":"2026-01-20T08:20:07+00:00","dateModified":"2026-03-12T07:27:56+00:00","breadcrumb":{"@id":"https:\/\/immomediterraneo.immo\/fr\/property\/nouveau-complexe-residentiel-a-los-alcazares-2\/#breadcrumb"},"inLanguage":"fr-FR","potentialAction":[{"@type":"ReadAction","target":["https:\/\/immomediterraneo.immo\/fr\/property\/nouveau-complexe-residentiel-a-los-alcazares-2\/"]}]},{"@type":"ImageObject","inLanguage":"fr-FR","@id":"https:\/\/immomediterraneo.immo\/fr\/property\/nouveau-complexe-residentiel-a-los-alcazares-2\/#primaryimage","url":"https:\/\/immomediterraneo.immo\/wp-content\/uploads\/\/2025\/09\/property_image_1w1jalwget_20250915065229.jpg","contentUrl":"https:\/\/immomediterraneo.immo\/wp-content\/uploads\/\/2025\/09\/property_image_1w1jalwget_20250915065229.jpg","width":110,"height":200},{"@type":"BreadcrumbList","@id":"https:\/\/immomediterraneo.immo\/fr\/property\/nouveau-complexe-residentiel-a-los-alcazares-2\/#breadcrumb","itemListElement":[{"@type":"ListItem","position":1,"name":"Home","item":"https:\/\/immomediterraneo.immo\/fr\/?page_id=225715"},{"@type":"ListItem","position":2,"name":"Propri\u00e9t\u00e9s","item":"https:\/\/immomediterraneo.immo\/fr\/property\/"},{"@type":"ListItem","position":3,"name":"Nouveau complexe r\u00e9sidentiel \u00e0 los alcazares"}]},{"@type":"WebSite","@id":"https:\/\/immomediterraneo.immo\/fr\/nl\/#website","url":"https:\/\/immomediterraneo.immo\/fr\/nl\/","name":"Immo Mediterraneo","description":"Uw partner aan de Costa Blanca en Costa Calida","potentialAction":[{"@type":"SearchAction","target":{"@type":"EntryPoint","urlTemplate":"https:\/\/immomediterraneo.immo\/fr\/nl\/?s={search_term_string}"},"query-input":{"@type":"PropertyValueSpecification","valueRequired":true,"valueName":"search_term_string"}}],"inLanguage":"fr-FR"}]}},"_links":{"self":[{"href":"https:\/\/immomediterraneo.immo\/fr\/wp-json\/wp\/v2\/properties\/7190627","targetHints":{"allow":["GET"]}}],"collection":[{"href":"https:\/\/immomediterraneo.immo\/fr\/wp-json\/wp\/v2\/properties"}],"about":[{"href":"https:\/\/immomediterraneo.immo\/fr\/wp-json\/wp\/v2\/types\/property"}],"author":[{"embeddable":true,"href":"https:\/\/immomediterraneo.immo\/fr\/wp-json\/wp\/v2\/users\/1"}],"version-history":[{"count":18,"href":"https:\/\/immomediterraneo.immo\/fr\/wp-json\/wp\/v2\/properties\/7190627\/revisions"}],"predecessor-version":[{"id":11019543,"href":"https:\/\/immomediterraneo.immo\/fr\/wp-json\/wp\/v2\/properties\/7190627\/revisions\/11019543"}],"wp:featuredmedia":[{"embeddable":true,"href":"https:\/\/immomediterraneo.immo\/fr\/wp-json\/wp\/v2\/media\/7190750"}],"wp:attachment":[{"href":"https:\/\/immomediterraneo.immo\/fr\/wp-json\/wp\/v2\/media?parent=7190627"}],"wp:term":[{"taxonomy":"property_type","embeddable":true,"href":"https:\/\/immomediterraneo.immo\/fr\/wp-json\/wp\/v2\/property_type?post=7190627"},{"taxonomy":"property_status","embeddable":true,"href":"https:\/\/immomediterraneo.immo\/fr\/wp-json\/wp\/v2\/property_status?post=7190627"},{"taxonomy":"property_feature","embeddable":true,"href":"https:\/\/immomediterraneo.immo\/fr\/wp-json\/wp\/v2\/property_feature?post=7190627"},{"taxonomy":"property_label","embeddable":true,"href":"https:\/\/immomediterraneo.immo\/fr\/wp-json\/wp\/v2\/property_label?post=7190627"},{"taxonomy":"property_country","embeddable":true,"href":"https:\/\/immomediterraneo.immo\/fr\/wp-json\/wp\/v2\/property_country?post=7190627"},{"taxonomy":"property_state","embeddable":true,"href":"https:\/\/immomediterraneo.immo\/fr\/wp-json\/wp\/v2\/property_state?post=7190627"},{"taxonomy":"property_city","embeddable":true,"href":"https:\/\/immomediterraneo.immo\/fr\/wp-json\/wp\/v2\/property_city?post=7190627"},{"taxonomy":"property_area","embeddable":true,"href":"https:\/\/immomediterraneo.immo\/fr\/wp-json\/wp\/v2\/property_area?post=7190627"}],"curies":[{"name":"wp","href":"https:\/\/api.w.org\/{rel}","templated":true}]}}